{"id":2269,"date":"2021-09-30T11:00:10","date_gmt":"2021-09-30T14:00:10","guid":{"rendered":"http:\/\/www.medicinafamiliar.cl\/mf\/wordpress\/?page_id=2269"},"modified":"2026-04-23T00:27:49","modified_gmt":"2026-04-23T04:27:49","slug":"grupo-de-trabajo-bioetica","status":"publish","type":"page","link":"https:\/\/www.medicinafamiliar.cl\/mf\/wordpress\/grupo-de-trabajo-bioetica\/","title":{"rendered":"Grupo de Trabajo Bio\u00e9tica"},"content":{"rendered":"<div>\n<p>Este grupo se plantea como prop\u00f3sito desarrollar la bio\u00e9tica aplicada en la medicina familiar en los \u00e1mbitos acad\u00e9mico, profesional e institucional. Cuya estrategias y \u00e1mbitos de acci\u00f3n son la difusi\u00f3n de la Bio\u00e9tica como herramienta para una pr\u00e1ctica profesional humanizada en el cuidado de las personas, sus familias y la comunidad. Adem\u00e1s de la capacitaci\u00f3n con metodolog\u00eda pr\u00e1ctica para la resoluci\u00f3n de conflictos \u00e9ticos en el \u00e1mbito sanitario ambulatorio.<\/p>\n<p><strong>Coordinadora: Dra. Carmen Nadal Agost<\/strong><\/p>\n<\/div>\n<p><strong>Solicitud para Integrar comit\u00e9<\/strong>\u00a0en el siguiente formulario:\u00a0<strong><a href=\"http:\/\/www.medicinafamiliar.cl\/mf\/wordpress\/inscripcion-comites-sochimef\/\">Inscripci\u00f3n Grupo de Trabajo SOCHIMEF<\/a><\/strong><\/p>\n<hr \/>\n<p style=\"font-weight: 400;\"><strong>PUBLICACIONES\u00a0<\/strong><\/p>\n<p style=\"font-weight: 400;\"><strong>Bolet\u00edn n\u00ba 1 Paternalismo\u00a0<\/strong><strong>en la relaci\u00f3n cl\u00ednica<br \/><\/strong>link:\u00a0<a href=\"https:\/\/drive.google.com\/file\/d\/1S8E7TWivBXZkV_fNX2h9WxXpJ-s_qkRO\/view?usp=sharing\" target=\"_blank\" rel=\"noopener noreferrer\" data-saferedirecturl=\"https:\/\/www.google.com\/url?q=https:\/\/drive.google.com\/file\/d\/1S8E7TWivBXZkV_fNX2h9WxXpJ-s_qkRO\/view?usp%3Dsharing&amp;source=gmail&amp;ust=1633096422031000&amp;usg=AFQjCNFOH-gKZL5AB-1Tndv3tT4vpiKmIw\"><span style=\"color: #0000ff;\">https:\/\/drive.google.com\/file\/d\/1S8E7TWivBXZkV_fNX2h9WxXpJ-s_qkRO\/view?usp=sharing<\/span><\/a><\/p>\n<p style=\"font-weight: 400;\"><strong>Bolet\u00edn n\u00ba 2 Autonom\u00eda\u00a0<\/strong><strong>en el modelo de salud centrado en la persona<br \/><\/strong>link:<span style=\"color: #0000ff;\">\u00a0<a style=\"color: #0000ff;\" href=\"https:\/\/drive.google.com\/file\/d\/1aFABwbqLZxYL38ESFg2fL4Bkv0wom-ro\/view?usp=sharing\" target=\"_blank\" rel=\"noopener noreferrer\" data-saferedirecturl=\"https:\/\/www.google.com\/url?q=https:\/\/drive.google.com\/file\/d\/1aFABwbqLZxYL38ESFg2fL4Bkv0wom-ro\/view?usp%3Dsharing&amp;source=gmail&amp;ust=1633096422031000&amp;usg=AFQjCNFuYsWFN-TRr9jfs5KoawPPw4c8iw\">https:\/\/drive.google.com\/file\/d\/1aFABwbqLZxYL38ESFg2fL4Bkv0wom-ro\/view?usp=sharing<\/a><\/span><\/p>\n<div><strong>Bolet\u00edn n\u00ba 3 \u00c9tica del cuidado\u00a0en la relaci\u00f3n cl\u00ednica dentro del modelo integral\u00a0<\/strong><\/div>\n<div>link: <span style=\"color: #0000ff;\"><a style=\"color: #0000ff;\" href=\"https:\/\/drive.google.com\/file\/d\/1Tk2pi7gVKR4RDvNrOhLis-MrpCRuXp-P\/view?usp=sharing\" target=\"_blank\" rel=\"noopener noreferrer\">https:\/\/drive.google.<wbr \/>com\/file\/d\/<wbr \/>1Tk2pi7gVKR4RDvNrOhLis-<wbr \/>MrpCRuXp-P\/view?usp=sharing<\/a><\/span><\/div>\n<div>\u00a0<\/div>\n<div><strong>Bolet\u00edn n\u00ba 4 Equidad y atenci\u00f3n integral de la multimorbilidad<\/strong><br \/>link:<span style=\"color: #0000ff;\">\u00a0<a style=\"color: #0000ff;\" href=\"https:\/\/drive.google.com\/file\/d\/1ZNTe70qwscaIdSzxeptNhuhwOVdOoux9\/view?usp=sharing\" target=\"_blank\" rel=\"noopener noreferrer\" data-saferedirecturl=\"https:\/\/www.google.com\/url?q=https:\/\/drive.google.com\/file\/d\/1ZNTe70qwscaIdSzxeptNhuhwOVdOoux9\/view?usp%3Dsharing&amp;source=gmail&amp;ust=1638050464879000&amp;usg=AOvVaw3mLBumgPzSKcUPhlmxds2M\">https:\/\/drive.google.<wbr \/>com\/file\/d\/<wbr \/>1ZNTe70qwscaIdSzxeptNhuhwOVdOo<wbr \/>ux9\/view?usp=sharing<\/a><\/span><\/div>\n<div>\u00a0<\/div>\n<div>\n<div>\n<div><b>Bolet\u00edn n\u00ba 5 Objeci\u00f3n de conciencia, IVE e Eutanasia, a prop\u00f3sito del debate constitucional\u00a0<\/b><\/div>\n<div>Link<\/div>\n<\/div>\n<div><span style=\"color: #0000ff;\"><a style=\"color: #0000ff;\" href=\"https:\/\/drive.google.com\/file\/d\/1ssOwztzpjgsTWlXxoD7UP9rTo24-D2_1\/view?usp=sharing\" target=\"_blank\" rel=\"noopener\" data-saferedirecturl=\"https:\/\/www.google.com\/url?q=https:\/\/drive.google.com\/file\/d\/1ssOwztzpjgsTWlXxoD7UP9rTo24-D2_1\/view?usp%3Dsharing&amp;source=gmail&amp;ust=1662644557693000&amp;usg=AOvVaw0Kx7qaO6aLS4l3l--HaXZx\">https:\/\/drive.google.com\/file\/<wbr \/>d\/<wbr \/>1ssOwztzpjgsTWlXxoD7UP9rTo24-<wbr \/>D2_1\/view?usp=sharing<\/a><\/span><\/div>\n<\/div>\n<div>\u00a0<\/div>\n<div>\n<div><strong>Bolet\u00edn n\u00ba 6 Hidrataci\u00f3n y nutrici\u00f3n en cuidados de fin de vida<\/strong><\/div>\n<div>Link: <span style=\"color: #0000ff;\"><a style=\"color: #0000ff;\" href=\"https:\/\/drive.google.com\/file\/d\/1QX9jOszUsYTQe2EMrnIq4AIn5A9aLi61\/view?usp=share_link\" target=\"_blank\" rel=\"noopener\" data-saferedirecturl=\"https:\/\/www.google.com\/url?q=https:\/\/drive.google.com\/file\/d\/1QX9jOszUsYTQe2EMrnIq4AIn5A9aLi61\/view?usp%3Dshare_link&amp;source=gmail&amp;ust=1669924853329000&amp;usg=AOvVaw0-LTyWyCwPVlvbpfd0fBz1\">https:\/\/drive.google.com\/<wbr \/>file\/d\/<wbr \/>1QX9jOszUsYTQe2EMrnIq4AIn5A9aL<wbr \/>i61\/view?usp=share_link<\/a><\/span><\/div>\n<\/div>\n<div>\u00a0<\/div>\n<div><strong>Bolet\u00edn n\u00ba 7 Dimensi\u00f3n \u00e9tica de la calidad asistencial y Comit\u00e9s de \u00c9tica en APS<\/strong><br \/>Link: <span style=\"color: #0000ff;\"><a style=\"color: #0000ff;\" href=\"https:\/\/drive.google.com\/file\/d\/1Ee2R1DwMR9KpfmjCQJEKWNiWVuT3VQdN\/view?usp=share_link\" target=\"_blank\" rel=\"noopener\">https:\/\/drive.google.com\/file\/d\/1Ee2R1DwMR9KpfmjCQJEKWNiWVuT3VQdN\/view?usp=share_link<\/a><\/span><\/div>\n<div>\u00a0<\/div>\n<div><strong>Bolet\u00edn n\u00ba 8 Actualizaci\u00f3n del debate sobre Eutanasia en Chile y la experiencia de Catalu\u00f1a\u00a0<\/strong><br \/>Link:\u00a0<span style=\"color: #0000ff;\"><a style=\"color: #0000ff;\" href=\"https:\/\/drive.google.com\/file\/d\/1nb0-0WeR6tFyz6YZq255aSEw9PoxsAeQ\/view?usp=sharing\" target=\"_blank\" rel=\"noopener\" data-saferedirecturl=\"https:\/\/www.google.com\/url?q=https:\/\/drive.google.com\/file\/d\/1nb0-0WeR6tFyz6YZq255aSEw9PoxsAeQ\/view?usp%3Dsharing&amp;source=gmail&amp;ust=1750343982518000&amp;usg=AOvVaw0MjYuBbX9L7ZeEek9XNk83\">https:\/\/drive.google.<wbr \/>com\/file\/d\/1nb0-<wbr \/>0WeR6tFyz6YZq255aSEw9PoxsAeQ\/<wbr \/>view?usp=sharing<\/a><\/span><\/div>\n<div>\u00a0<\/div>\n<div><hr \/><\/div>\n<p style=\"font-weight: 400;\"><strong>PRESENTACIONES<\/strong><\/p>\n<p style=\"font-weight: 400;\">1)\u00a0<em>Paternalismo en la relaci\u00f3n cl\u00ednica.<\/em>\u00a0Sr. Hardy M\u00fcller<\/p>\n<p style=\"font-weight: 400;\">Link:\u00a0<span style=\"color: #0000ff;\"><a style=\"color: #0000ff;\" href=\"https:\/\/docs.google.com\/presentation\/d\/1Y9CE2J9y2yTo5wFTiJOyOm4v5QbR_VNv\/edit?usp=sharing&amp;ouid=104692671490691895757&amp;rtpof=true&amp;sd=true\" target=\"_blank\" rel=\"noopener noreferrer\" data-saferedirecturl=\"https:\/\/www.google.com\/url?q=https:\/\/docs.google.com\/presentation\/d\/1Y9CE2J9y2yTo5wFTiJOyOm4v5QbR_VNv\/edit?usp%3Dsharing%26ouid%3D104692671490691895757%26rtpof%3Dtrue%26sd%3Dtrue&amp;source=gmail&amp;ust=1633096422031000&amp;usg=AFQjCNEvkETZ9VPRlsJC4aEBoSlSKYLJIg\">https:\/\/docs.google.com\/presentation\/d\/1Y9CE2J9y2yTo5wFTiJOyOm4v5QbR_VNv\/edit?usp=sharing&amp;ouid=104692671490691895757&amp;rtpof=true&amp;sd=true<\/a><\/span><\/p>\n<p style=\"font-weight: 400;\">2)\u00a0<em>Autonom\u00eda en el modelo de salud centrado en la persona<\/em>. Dra. Lucy Granda<\/p>\n<p style=\"font-weight: 400;\">Link:\u00a0<span style=\"color: #0000ff;\"><a style=\"color: #0000ff;\" href=\"https:\/\/drive.google.com\/file\/d\/1CgD-lmJ0_hgRgsvzwnfBznyHff3lgf00\/view?usp=sharing\" target=\"_blank\" rel=\"noopener noreferrer\" data-saferedirecturl=\"https:\/\/www.google.com\/url?q=https:\/\/drive.google.com\/file\/d\/1CgD-lmJ0_hgRgsvzwnfBznyHff3lgf00\/view?usp%3Dsharing&amp;source=gmail&amp;ust=1633096422031000&amp;usg=AFQjCNGoxH9L5HXm9C17OTBaFHP6sVyTKg\">https:\/\/drive.google.com\/file\/d\/1CgD-lmJ0_hgRgsvzwnfBznyHff3lgf00\/view?usp=sharing<\/a><\/span><\/p>\n<div>\n<div>3)\u00a0<i>Aspectos \u00e9ticos de la investigaci\u00f3n en Atenci\u00f3n Primaria<\/i>. Dra. Carmen Nadal A.<\/div>\n<\/div>\n<div>\u00a0<\/div>\n<div>XXII Congreso de la Sociedad Chilena de Medicina Familiar &#8211; 2021<br \/>Mesa Redonda: Sistematizaci\u00f3n de actividades en APS y la importancia de la bio\u00e9tica<\/div>\n<div>\n<div>Link:\u00a0<span style=\"color: #0000ff;\"><a style=\"color: #0000ff;\" href=\"https:\/\/drive.google.com\/file\/d\/1lxC4rEWRb4qHTGAHOqRx_1bpvRWvIOCW\/view?usp=sharing\" target=\"_blank\" rel=\"noopener noreferrer\" data-saferedirecturl=\"https:\/\/www.google.com\/url?q=https:\/\/drive.google.com\/file\/d\/1lxC4rEWRb4qHTGAHOqRx_1bpvRWvIOCW\/view?usp%3Dsharing&amp;source=gmail&amp;ust=1633190129632000&amp;usg=AFQjCNG7ClCF17lagFJmBVLLh06cIxBmCA\">https:\/\/drive.google.com\/file\/<wbr \/>d\/1lxC4rEWRb4qHTGAHOqRx_<wbr \/>1bpvRWvIOCW\/view?usp=sharing<\/a><\/span><\/div>\n<\/div>\n<div>\u00a0<\/div>\n<div>\n<div>4)\u00a0<i>\u00c9tica del cuidado en el modelo de salud familiar y comunitaria.\u00a0<\/i>Dra. M\u00f3nica Nivelo<\/div>\n<div>Link:\u00a0<span style=\"color: #3366ff;\"><a style=\"color: #3366ff;\" href=\"https:\/\/drive.google.com\/file\/d\/1sozyKjGRt1iDdQhFcfTCANTZQMLbBEql\/view?usp=sharing\" target=\"_blank\" rel=\"noopener noreferrer\" data-saferedirecturl=\"https:\/\/www.google.com\/url?q=https:\/\/drive.google.com\/file\/d\/1sozyKjGRt1iDdQhFcfTCANTZQMLbBEql\/view?usp%3Dsharing&amp;source=gmail&amp;ust=1634993259655000&amp;usg=AFQjCNH2FMoPZ5FO4DVL33BscwOqHydw0g\">https:\/\/drive.google.<wbr \/>com\/file\/d\/<wbr \/>1sozyKjGRt1iDdQhFcfTCANTZQMLbB<wbr \/>Eql\/view?usp=sharing<\/a><\/span><\/div>\n<\/div>\n<div>\u00a0<\/div>\n<div>5) Justicia distributiva y multimorbilidad. Dra. Nancy Carvajal<br \/>Link:<span style=\"color: #0000ff;\">\u00a0<a style=\"color: #0000ff;\" href=\"https:\/\/drive.google.com\/file\/d\/1p1gykaFmL_bZ_kN3zVOzJrax7btj0NGe\/view?usp=sharing\" target=\"_blank\" rel=\"noopener noreferrer\" data-saferedirecturl=\"https:\/\/www.google.com\/url?q=https:\/\/drive.google.com\/file\/d\/1p1gykaFmL_bZ_kN3zVOzJrax7btj0NGe\/view?usp%3Dsharing&amp;source=gmail&amp;ust=1638395763102000&amp;usg=AOvVaw36ez_WjNk9rvWpmXBP-Xea\">https:\/\/drive.google.<wbr \/>com\/file\/d\/1p1gykaFmL_bZ_<wbr \/>kN3zVOzJrax7btj0NGe\/view?usp=<wbr \/>sharing<\/a><\/span><\/div>\n<div>\u00a0<\/div>\n<div>\n<p>6)\u00a0<em>M\u00e9todo deliberativo.<\/em>\u00a0Dra. M\u00f3nica Nivelo<br \/>Link:\u00a0<span style=\"color: #0000ff;\"><a style=\"color: #0000ff;\" href=\"https:\/\/drive.google.com\/file\/d\/11PAVlp-P-vmUoFiLU4QrNY-8rrQ2MLQl\/view?usp=sharing\" target=\"_blank\" rel=\"noopener\" data-saferedirecturl=\"https:\/\/www.google.com\/url?q=https:\/\/drive.google.com\/file\/d\/11PAVlp-P-vmUoFiLU4QrNY-8rrQ2MLQl\/view?usp%3Dsharing&amp;source=gmail&amp;ust=1656720565078000&amp;usg=AOvVaw1AUwMsNQMN4X_lgC3yN2Sr\">https:\/\/drive.google.<wbr \/>com\/file\/d\/11PAVlp-P-<wbr \/>vmUoFiLU4QrNY-8rrQ2MLQl\/view?<wbr \/>usp=sharing<\/a><\/span><\/p>\n<\/div>\n<div>\n<p>7) WEBINAR\u00a0 &#8220;<em>Objeci\u00f3n de Conciencia, nueva Constituci\u00f3n, IVE y Eutanasia&#8221; 25.Ago.22.\u00a0<\/em><em>Grabaci\u00f3n disponible en:\u00a0<\/em><span style=\"color: #0000ff;\"><a style=\"color: #0000ff;\" href=\"https:\/\/youtu.be\/hbJpJgRhagQ\" target=\"_blank\" rel=\"noopener\" data-saferedirecturl=\"https:\/\/www.google.com\/url?q=https:\/\/youtu.be\/hbJpJgRhagQ&amp;source=gmail&amp;ust=1661639412175000&amp;usg=AOvVaw3kQ7KH2eR_xsqa0MvYQOeA\">https:\/\/youtu.be\/<wbr \/>hbJpJgRhagQ<\/a><\/span><\/p>\n<p><em>Presentaci\u00f3n: &#8220;Objeci\u00f3n de Conciencia\u00a0y\u00a0fin de vida&#8221;.<\/em> Dr. Andr\u00e9s Valdivieso\u00a0 Link:\u00a0<span style=\"color: #0000ff;\"><a style=\"color: #0000ff;\" href=\"https:\/\/drive.google.com\/file\/d\/1mEKHvgWXpZ2cXE4c8XwwURim0Y9y3zGA\/view?usp=sharing\" target=\"_blank\" rel=\"noopener\" data-saferedirecturl=\"https:\/\/www.google.com\/url?q=https:\/\/drive.google.com\/file\/d\/1mEKHvgWXpZ2cXE4c8XwwURim0Y9y3zGA\/view?usp%3Dsharing&amp;source=gmail&amp;ust=1661639412175000&amp;usg=AOvVaw16TzP24SO8j_Ckf96zdpLK\">https:\/\/drive.google.<wbr \/>com\/file\/d\/<wbr \/>1mEKHvgWXpZ2cXE4c8XwwURim0Y9y3<wbr \/>zGA\/view?usp=sharing<\/a><\/span><\/p>\n<p><em>&#8211;\u00a0<\/em><em>Objeci\u00f3n de Conciencia en la nueva Constituci\u00f3n. Abogada Paulina Ramos. Link:\u00a0<\/em><span style=\"color: #0000ff;\"><a style=\"color: #0000ff;\" href=\"https:\/\/drive.google.com\/file\/d\/1HQPgAP0Yp09Mhh9-OzC4OEVOpGb870TX\/view?usp=sharing\" target=\"_blank\" rel=\"noopener\" data-saferedirecturl=\"https:\/\/www.google.com\/url?q=https:\/\/drive.google.com\/file\/d\/1HQPgAP0Yp09Mhh9-OzC4OEVOpGb870TX\/view?usp%3Dsharing&amp;source=gmail&amp;ust=1661639412175000&amp;usg=AOvVaw1qQnA47Nk7XV_EGwAsC9JJ\">https:\/\/drive.google.<wbr \/>com\/file\/d\/1HQPgAP0Yp09Mhh9-<wbr \/>OzC4OEVOpGb870TX\/view?usp=<wbr \/>sharing<\/a><\/span><\/p>\n<div>\n<div>8)\u00a0<i>Comit\u00e9s de \u00e9tica asistencial en Atenci\u00f3n Primaria en Chile: sus objetivos y funcionamiento.\u00a0<\/i>Trabajo libre seleccionado. Autora Dra. Carmen Nadal A.<\/div>\n<\/div>\n<div>XXIII Congreso de la Sociedad Chilena de Medicina Familiar \u2013 2022<\/div>\n<div>link: <a href=\"https:\/\/drive.google.com\/file\/d\/11LIJgN8zwT1PCfH5WANiPCa66wMobVAC\/view?usp=share_link\" target=\"_blank\" rel=\"noopener\"><span style=\"color: #0000ff;\">https:\/\/drive.google.com\/<wbr \/>file\/d\/<wbr \/>11LIJgN8zwT1PCfH5WANiPCa66wMob<wbr \/>VAC\/view?usp=share_link<\/span><\/a>\n<p><span style=\"color: #333333;\">9) Nutrici\u00f3n e hidrataci\u00f3n en pacientes con enfermedades avanzadas. <br \/><i>Autora:<\/i> Dra. M\u00f3nica Grez<br \/><\/span><span style=\"color: initial;\"><span style=\"color: #333333;\">XXIII Congreso de la Sociedad Chilena de Medicina Familiar \u2013 2022<\/span><br \/><\/span><span style=\"color: initial;\">Link:<\/span><span style=\"color: #0000ff;\"><a style=\"color: #0000ff;\" href=\"https:\/\/drive.google.com\/file\/d\/1L5QgLhR45QLWoAhgYvV1wZKk4n4G2iHE\/view?usp=share_link\" target=\"_blank\" rel=\"noopener\" data-saferedirecturl=\"https:\/\/www.google.com\/url?q=https:\/\/drive.google.com\/file\/d\/1L5QgLhR45QLWoAhgYvV1wZKk4n4G2iHE\/view?usp%3Dshare_link&amp;source=gmail&amp;ust=1669154895689000&amp;usg=AOvVaw2NiMNAkOyTmJPz12miZ2zo\">https:\/\/drive.google.com\/<wbr \/>file\/d\/<wbr \/>1L5QgLhR45QLWoAhgYvV1wZKk4n4G2<wbr \/>iHE\/view?usp=share_link<\/a><\/span><\/p>\n<p>10) Propuestas para la Atenci\u00f3n Primaria desde los valores asociados a la alimentaci\u00f3n e hidrataci\u00f3n al final de la vida\u00a0<br \/>Autora: Dra. Mar\u00eda Jos\u00e9 Puga<br \/>XXIII Congreso de la Sociedad Chilena de Medicina Familiar \u2013 2022<br \/>Link:\u00a0<span style=\"color: #0000ff;\"><a style=\"color: #0000ff;\" href=\"https:\/\/drive.google.com\/file\/d\/1WvVsyWemCjfFI3Lmp1xstTfbHCK8YU6D\/view?usp=share_link\" target=\"_blank\" rel=\"noopener\" data-saferedirecturl=\"https:\/\/www.google.com\/url?q=https:\/\/drive.google.com\/file\/d\/1WvVsyWemCjfFI3Lmp1xstTfbHCK8YU6D\/view?usp%3Dshare_link&amp;source=gmail&amp;ust=1669924843108000&amp;usg=AOvVaw1nF6Yb43N91lxBQdp7jL2x\">https:\/\/drive.google.<wbr \/>com\/file\/d\/<wbr \/>1WvVsyWemCjfFI3Lmp1xstTfbHCK8Y<wbr \/>U6D\/view?usp=share_link<\/a><\/span><\/p>\n<p>11) Principios bio\u00e9ticos. Dra. Lucy Granda <br \/>Link:<span style=\"color: #0000ff;\"><a style=\"color: #0000ff;\" href=\"https:\/\/drive.google.com\/file\/d\/1U_hkGAiFJnuOIx5CF19iZGowkLqpw48U\/view?usp=share_link\" target=\"_blank\" rel=\"noopener\" data-saferedirecturl=\"https:\/\/www.google.com\/url?q=https:\/\/drive.google.com\/file\/d\/1U_hkGAiFJnuOIx5CF19iZGowkLqpw48U\/view?usp%3Dshare_link&amp;source=gmail&amp;ust=1679100277858000&amp;usg=AOvVaw36xemxxLY7pObxhAOsrwIr\">https:\/\/drive.google.com\/<wbr \/>file\/d\/1U_<wbr \/>hkGAiFJnuOIx5CF19iZGowkLqpw48U<wbr \/>\/view?usp=share_link<\/a><\/span><\/p>\n<div dir=\"auto\">12) 1era Jornada de bio\u00e9tica de Atenci\u00f3n Primaria \u201cEnfrentando los desaf\u00edos \u00e9ticos de la calidad asistencial y la satisfacci\u00f3n usuaria\u201d<\/div>\n<div dir=\"auto\">Evento organizado por GT Bio\u00e9tica SOCHIMEF-UDA-UOH-REDGECU<\/div>\n<div dir=\"auto\">30 de junio 2023<\/div>\n<div dir=\"auto\">Link: <span style=\"color: #0000ff;\"><span style=\"color: #0000ff;\"><a style=\"color: #0000ff;\" href=\"https:\/\/youtube.com\/live\/RclGdprQ8eg?feature=share\" target=\"_blank\" rel=\"noopener\" data-saferedirecturl=\"https:\/\/www.google.com\/url?q=https:\/\/youtube.com\/live\/RclGdprQ8eg?feature%3Dshare&amp;source=gmail&amp;ust=1688497900743000&amp;usg=AOvVaw0rm7MjzNY50lrot4t0GYAR\">https:\/\/youtube.com\/live\/<wbr \/>RclGdprQ8eg?feature=share<\/a><\/span><\/span>\n<p>\u00a0<\/p>\n<div>13) Presentaci\u00f3n &#8220;\u00c9tica de los cuidados paliativos universales&#8221;<\/div>\n<div>XXIV Congreso de la Sociedad Chilena de Medicina Familiar \u2013 2023<\/div>\n<div>Presentado por el M\u00e9dico de Familia y bioeticista espa\u00f1ol, Dr. Rogelio Altisent<\/div>\n<div>Link:\u00a0<span style=\"color: #0000ff;\"><span style=\"color: #0000ff;\"><a style=\"color: #0000ff;\" href=\"https:\/\/drive.google.com\/file\/d\/1tPLdun00xleAWBAGlxtLMfz0zCaG8kPj\/view?usp=share_link\" target=\"_blank\" rel=\"noopener\" data-saferedirecturl=\"https:\/\/www.google.com\/url?q=https:\/\/drive.google.com\/file\/d\/1tPLdun00xleAWBAGlxtLMfz0zCaG8kPj\/view?usp%3Dshare_link&amp;source=gmail&amp;ust=1702769808110000&amp;usg=AOvVaw2MACM8cAzAG-N953ozjjHQ\">https:\/\/drive.google.<wbr \/>com\/file\/d\/<wbr \/>1tPLdun00xleAWBAGlxtLMfz0zCaG8<wbr \/>kPj\/view?usp=share_link<\/a><\/span><\/span>\n<p>\u00a0<\/p>\n<\/div>\n<\/div>\n<\/div>\n<\/div>\n<div>\n<p>14) \u201cCuidados de fin de vida&#8221;. Dra. Sandra Mart\u00ednez.<br \/>Link: <span style=\"color: #0000ff;\"><a style=\"color: #0000ff;\" href=\"https:\/\/drive.google.com\/file\/d\/1V3bGt6lt8LUpWMU9ueLqgw_JzCuJ_Lbz\/view?usp=sharing\" target=\"_blank\" rel=\"noopener\">https:\/\/drive.google.com\/file\/d\/1V3bGt6lt8LUpWMU9ueLqgw_JzCuJ_Lbz\/view?usp=sharing<\/a><\/span><\/p>\n<p>15) \u201cAvances y desaf\u00edos en pol\u00edticas de voluntades anticipadas&#8221; Dr. Patricio Ledezma<br \/>Link: <a href=\"https:\/\/drive.google.com\/file\/d\/1odR4-_2mcbkcudesAr_Frr51VTD0MJ5g\/view?usp=sharing\" target=\"_blank\" rel=\"noopener\"><span style=\"color: #0000ff;\">https:\/\/drive.google.com\/file\/d\/1odR4-_2mcbkcudesAr_Frr51VTD0MJ5g\/view?usp=sharing<\/span><\/a><\/p>\n<p>16) &#8220;Ley del alivio del dolor \u00bfC\u00f3mo lo aterrizamos en la Atenci\u00f3n Primaria de Salud? En los territorios&#8221; Dra. Macarena Moral<br \/>Link: <span style=\"color: #0000ff;\"><a style=\"color: #0000ff;\" href=\"https:\/\/drive.google.com\/file\/d\/1iScKA_culi6-SC4xT0pEZw52_gbcQMRW\/view?usp=sharing\" target=\"_blank\" rel=\"noopener\">https:\/\/drive.google.com\/file\/d\/1iScKA_culi6-SC4xT0pEZw52_gbcQMRW\/view?usp=sharing<\/a><\/span><\/p>\n<p>17) \u201cConflictos \u00e9ticos en cuidados de fin de vida. Implementaci\u00f3n de voluntades anticipadas en el contexto de Atenci\u00f3n Primaria de Salud&#8221;. E.U. Marla Solari<br \/>Link: <span style=\"color: #0000ff;\"><a style=\"color: #0000ff;\" href=\"https:\/\/drive.google.com\/file\/d\/15Xd8D1Nwnhy7UyVv8IHjJDZ1WSt6qxXE\/view?usp=sharing\" target=\"_blank\" rel=\"noopener\">https:\/\/drive.google.com\/file\/d\/15Xd8D1Nwnhy7UyVv8IHjJDZ1WSt6qxXE\/view?usp=sharing<\/a><\/span><\/p>\n<p>18) \u201cExperiencia del CEA del \u00c1rea de Salud de la CMPA&#8221; Dr. Alberto Quintana<br \/>Link: <a href=\"https:\/\/drive.google.com\/file\/d\/18w8p8q2aHk7PxjlHcScDdaj7nfOJfDR4\/view?usp=sharing\" target=\"_blank\" rel=\"noopener\"><span style=\"color: #0000ff;\">https:\/\/drive.google.com\/file\/d\/18w8p8q2aHk7PxjlHcScDdaj7nfOJfDR4\/view?usp=sharing<\/span><\/a><\/p>\n<p>19) &#8220;Conflictos \u00e9ticos de un Comit\u00e9 de \u00c9tica Asistencial en APS en Chile&#8221; Dra. Carmen Nadal Agost y Dra. Maggie Campillay<br \/>Link: <span style=\"color: #0000ff;\"><a style=\"color: #0000ff;\" href=\"https:\/\/drive.google.com\/file\/d\/1xkHvuvQzUnPpLF850aCvFq6vtOOd-40j\/view?usp=sharing\" target=\"_blank\" rel=\"noopener\">https:\/\/drive.google.com\/file\/d\/1xkHvuvQzUnPpLF850aCvFq6vtOOd-40j\/view?usp=sharing<\/a><\/span><\/p>\n<p>20) &#8220;Conflictos \u00c9ticos en la Atenci\u00f3n de Salud de Personas Mayores&#8221; Klga. Ana Calle Carrasco<br \/>Link: <span style=\"color: #0000ff;\"><a style=\"color: #0000ff;\" href=\"https:\/\/drive.google.com\/file\/d\/1rGBkEtUvBE8zscbfG_Czv-p-ckTA7Ivs\/view?usp=sharing\" target=\"_blank\" rel=\"noopener\">https:\/\/drive.google.com\/file\/d\/1rGBkEtUvBE8zscbfG_Czv-p-ckTA7Ivs\/view?usp=sharing<\/a><\/span><\/p>\n<p>22) II Jornada de Bio\u00e9tica para equipos de APS<br \/>organizado por SOCHIMEF-UDA-UOH y REDGECU<\/p>\n<p>TRANSMISION YOUTUBE<br \/>Jueves 11 de julio del 2024, Sal\u00f3n Jos\u00e9 Joaqu\u00edn Vallejos Copiap\u00f3<\/p>\n<p>PRIMERA PARTE BLOQUE AM<br \/>Disponible en:<br \/><span style=\"color: #0000ff;\"><a style=\"color: #0000ff;\" href=\"https:\/\/www.youtube.com\/live\/o8LvfFtwqcQ?si=54T1pH0gJX3hz2IZ\" target=\"_blank\" rel=\"noopener\">https:\/\/www.youtube.com\/live\/o8LvfFtwqcQ?si=54T1pH0gJX3hz2IZ<\/a><\/span><\/p>\n<p>SEGUNDA PARTE BLOQUE AM<br \/>Disponible en:<br \/><span style=\"color: #0000ff;\"><a style=\"color: #0000ff;\" href=\"https:\/\/www.youtube.com\/live\/zVUuMw1x84I?si=IM4FZMykM4luYc3j\" target=\"_blank\" rel=\"noopener\">https:\/\/www.youtube.com\/live\/zVUuMw1x84I?si=IM4FZMykM4luYc3j<\/a><\/span><\/p>\n<p>BLOQUE PM<br \/>Disponible en:<br \/><a href=\"https:\/\/www.youtube.com\/live\/8NB0pNjcd_g?si=1S92Cqlv6IESxO_w\" target=\"_blank\" rel=\"noopener\"><span style=\"color: #0000ff;\">https:\/\/www.youtube.com\/live\/8NB0pNjcd_g?si=1S92Cqlv6IESxO_w<\/span><\/a><\/p>\n<\/div>\n<div><span style=\"font-family: arial, sans-serif; color: #333333;\">23) Jornadas de reflexi\u00f3n en temas de Bio\u00e9tica para la Atenci\u00f3n Primaria 2025<br \/>&#8220;Eutanasia en la pr\u00e1ctica:\u00a0reflexiones y experiencia desde la medicina familiar&#8221;<\/span><\/div>\n<div><span style=\"font-family: arial, sans-serif;\">\u00a0<\/span><\/div>\n<p><span style=\"color: #333333; font-family: arial, sans-serif;\">-Presentaci\u00f3n Dra. Carmen Nadal Agost <br \/>L<\/span><span style=\"color: #000000; font-family: arial, sans-serif;\"><span style=\"color: #333333;\">ink:<\/span><span style=\"color: #0000ff;\">\u00a0<\/span><\/span><span style=\"color: #0000ff;\"><a style=\"color: #0000ff;\" href=\"https:\/\/drive.google.com\/file\/d\/1d3xSNRNk7lbG5kobnKtnot09Fz0Zt74T\/view?usp=share_link\" target=\"_blank\" rel=\"noopener\" data-saferedirecturl=\"https:\/\/www.google.com\/url?q=https:\/\/drive.google.com\/file\/d\/1d3xSNRNk7lbG5kobnKtnot09Fz0Zt74T\/view?usp%3Dshare_link&amp;source=gmail&amp;ust=1750188257918000&amp;usg=AOvVaw2jxW5P_7PfnuMvAb4L6sIX\">https:\/\/drive.google.<wbr \/>com\/file\/d\/<wbr \/>1d3xSNRNk7lbG5kobnKtnot09Fz0Zt<wbr \/>74T\/view?usp=share_link<\/a><\/span><\/p>\n<div><span style=\"color: #333333;\"><span style=\"font-family: arial, sans-serif;\">\u00a0<\/span><span style=\"font-family: arial, sans-serif;\">-Presentaci\u00f3n del invitado\u00a0<\/span> Dr. Albert Planes, Sociedad Catalana de Medicina Familiar Link:\u00a0<\/span><span style=\"color: #0000ff;\"><a style=\"color: #0000ff;\" href=\"https:\/\/drive.google.com\/file\/d\/1Fc_ueXnPK5ZFwEUS3SZ_XFSUakxERgWG\/view?usp=share_link\" target=\"_blank\" rel=\"noopener\" data-saferedirecturl=\"https:\/\/www.google.com\/url?q=https:\/\/drive.google.com\/file\/d\/1Fc_ueXnPK5ZFwEUS3SZ_XFSUakxERgWG\/view?usp%3Dshare_link&amp;source=gmail&amp;ust=1750188257918000&amp;usg=AOvVaw3mjw5ciMm3dibfmlayqU_H\">https:\/\/drive.google.com\/file\/<wbr \/>d\/1Fc_ueXnPK5ZFwEUS3SZ_<wbr \/>XFSUakxERgWG\/view?usp=share_<wbr \/>link<\/a><\/span><\/div>\n<div>\u00a0<\/div>\n<div>-Presentaci\u00f3n de la invitada Dra. Rosa Duro Robles. Sociedad Balear \u00a0de Medicina Familiar Link:\u00a0<span style=\"color: #0000ff;\"><a style=\"color: #0000ff;\" href=\"https:\/\/drive.google.com\/file\/d\/16MtpdUErQ82lyWTTlN8rwK6yvjS4UCrq\/view?usp=sharing\" target=\"_blank\" rel=\"noopener\" data-saferedirecturl=\"https:\/\/www.google.com\/url?q=https:\/\/drive.google.com\/file\/d\/16MtpdUErQ82lyWTTlN8rwK6yvjS4UCrq\/view?usp%3Dsharing&amp;source=gmail&amp;ust=1754512296506000&amp;usg=AOvVaw0raVZIeumk7QM1ZkXWqWpy\">https:\/\/drive.google.<wbr \/>com\/file\/d\/<wbr \/>16MtpdUErQ82lyWTTlN8rwK6yvjS4U<wbr \/>Crq\/view?usp=sharing<\/a><\/span><\/div>\n<div><hr \/><\/div>\n<div>\n<div>\n<div dir=\"auto\">\n<div>\n<div><strong>INFORME ANUAL DE ACTIVIDADES<\/strong><\/div>\n<div>\u00a0<\/div>\n<div>A\u00f1o 2022<\/div>\n<div><span style=\"color: #0000ff;\"><a style=\"color: #0000ff;\" href=\"https:\/\/drive.google.com\/file\/d\/13T2IXYzouo7IlmO41CwnyB7TrJ0N1OXk\/view?usp=sharing\" target=\"_blank\" rel=\"noopener\" data-saferedirecturl=\"https:\/\/www.google.com\/url?q=https:\/\/drive.google.com\/file\/d\/13T2IXYzouo7IlmO41CwnyB7TrJ0N1OXk\/view?usp%3Dsharing&amp;source=gmail&amp;ust=1737046003360000&amp;usg=AOvVaw2Kc-JXeKQ3FqrzTRPsg7eK\">https:\/\/drive.google.com\/file\/<wbr \/>d\/<wbr \/>13T2IXYzouo7IlmO41CwnyB7TrJ0N1<wbr \/>OXk\/view?usp=sharing<\/a><\/span><\/div>\n<div>\u00a0<\/div>\n<div>A\u00f1o 2023<\/div>\n<div><span style=\"color: #0000ff;\"><a style=\"color: #0000ff;\" href=\"https:\/\/drive.google.com\/file\/d\/1Jlp1e6PyqS-eNz3FYxC5mefBVxlfuReJ\/view?usp=sharing\" target=\"_blank\" rel=\"noopener\" data-saferedirecturl=\"https:\/\/www.google.com\/url?q=https:\/\/drive.google.com\/file\/d\/1Jlp1e6PyqS-eNz3FYxC5mefBVxlfuReJ\/view?usp%3Dsharing&amp;source=gmail&amp;ust=1737046003360000&amp;usg=AOvVaw11cl_ihcBit-zAbS_o9Qsq\">https:\/\/drive.google.com\/file\/<wbr \/>d\/1Jlp1e6PyqS-<wbr \/>eNz3FYxC5mefBVxlfuReJ\/view?<wbr \/>usp=sharing<\/a><\/span><\/div>\n<div>\u00a0<\/div>\n<div>A\u00f1o 2024<\/div>\n<div><span style=\"color: #0000ff;\"><a style=\"color: #0000ff;\" href=\"https:\/\/drive.google.com\/file\/d\/1_HMzWWngPe6eXHwr4YXtnyfAo7d8_fdu\/view?usp=sharing\" target=\"_blank\" rel=\"noopener\" data-saferedirecturl=\"https:\/\/www.google.com\/url?q=https:\/\/drive.google.com\/file\/d\/1_HMzWWngPe6eXHwr4YXtnyfAo7d8_fdu\/view?usp%3Dsharing&amp;source=gmail&amp;ust=1737046003360000&amp;usg=AOvVaw15hxP-Eg8OcY_PcjgI_HAp\">https:\/\/drive.google.com\/file\/<wbr \/>d\/1_<wbr \/>HMzWWngPe6eXHwr4YXtnyfAo7d8_<wbr \/>fdu\/view?usp=sharing<\/a><br \/><br \/><\/span><\/div>\n<\/div>\n<\/div>\n<\/div>\n<\/div>\n<div>\n<div>A\u00f1o 2025<\/div>\n<div><span style=\"color: #0000ff;\"><a style=\"color: #0000ff;\" href=\"https:\/\/drive.google.com\/file\/d\/1I8LFRxSKHhZDOdEAFszuVVY1w4LOqgpw\/view?usp=sharing\" target=\"_blank\" rel=\"noopener\" data-saferedirecturl=\"https:\/\/www.google.com\/url?q=https:\/\/drive.google.com\/file\/d\/1I8LFRxSKHhZDOdEAFszuVVY1w4LOqgpw\/view?usp%3Dsharing&amp;source=gmail&amp;ust=1767462274280000&amp;usg=AOvVaw0V92k3wr_tIUmj3vn9RB_Z\">https:\/\/drive.google.com\/file\/<wbr \/>d\/<wbr \/>1I8LFRxSKHhZDOdEAFszuVVY1w4LOq<wbr \/>gpw\/view?usp=sharing<\/a><\/span><\/div>\n<\/div>\n<div>\n<div dir=\"auto\"><hr \/>\n<p style=\"font-weight: 400;\"><strong>ACTAS<\/strong><\/p>\n<p style=\"font-weight: 400;\"><u>Acta n\u00ba1 Conformaci\u00f3n del grupo de inter\u00e9s ( junio, 2021)<br \/><\/u>Link:\u00a0<span style=\"color: #0000ff;\"><a style=\"color: #0000ff;\" href=\"https:\/\/docs.google.com\/document\/d\/1_5Uc9UCa17h8jzcqfcpoXt1jXWV_xRKV\/edit?usp=sharing&amp;ouid=104692671490691895757&amp;rtpof=true&amp;sd=true\" target=\"_blank\" rel=\"noopener noreferrer\" data-saferedirecturl=\"https:\/\/www.google.com\/url?q=https:\/\/docs.google.com\/document\/d\/1_5Uc9UCa17h8jzcqfcpoXt1jXWV_xRKV\/edit?usp%3Dsharing%26ouid%3D104692671490691895757%26rtpof%3Dtrue%26sd%3Dtrue&amp;source=gmail&amp;ust=1633096422031000&amp;usg=AFQjCNFqah_SV3I0Z4fzPUSfp2xDR8s4vg\">https:\/\/docs.google.com\/document\/d\/1_5Uc9UCa17h8jzcqfcpoXt1jXWV_xRKV\/edit?usp=sharing&amp;ouid=104692671490691895757&amp;rtpof=true&amp;sd=true<\/a><\/span><\/p>\n<p style=\"font-weight: 400;\"><u>Acta n\u00ba2 Modelo integral de salud y la multimorbilidad (julio, 2021)<br \/><\/u>Link:\u00a0<span style=\"color: #0000ff;\"><a style=\"color: #0000ff;\" href=\"https:\/\/docs.google.com\/document\/d\/1EeHVwjdNNagfAMnLLmTQIfWti6HLjjru\/edit?usp=sharing&amp;ouid=104692671490691895757&amp;rtpof=true&amp;sd=true\" target=\"_blank\" rel=\"noopener noreferrer\" data-saferedirecturl=\"https:\/\/www.google.com\/url?q=https:\/\/docs.google.com\/document\/d\/1EeHVwjdNNagfAMnLLmTQIfWti6HLjjru\/edit?usp%3Dsharing%26ouid%3D104692671490691895757%26rtpof%3Dtrue%26sd%3Dtrue&amp;source=gmail&amp;ust=1633096422031000&amp;usg=AFQjCNEq87A8SdRmwQmENIOUriiE8y5lCQ\">https:\/\/docs.google.com\/document\/d\/1EeHVwjdNNagfAMnLLmTQIfWti6HLjjru\/edit?usp=sharing&amp;ouid=104692671490691895757&amp;rtpof=true&amp;sd=true<\/a><\/span><\/p>\n<p style=\"font-weight: 400;\"><u>Acta n\u00ba3 Paternalismo (agosto, 2021) <\/u>Link:<span style=\"color: #0000ff;\"><a style=\"color: #0000ff;\" href=\"https:\/\/docs.google.com\/document\/d\/1dL22c1ZlE3B2YG-ccOCZ1HDpHNJErlU-\/edit?usp=sharing&amp;ouid=104692671490691895757&amp;rtpof=true&amp;sd=true\" target=\"_blank\" rel=\"noopener noreferrer\" data-saferedirecturl=\"https:\/\/www.google.com\/url?q=https:\/\/docs.google.com\/document\/d\/1dL22c1ZlE3B2YG-ccOCZ1HDpHNJErlU-\/edit?usp%3Dsharing%26ouid%3D104692671490691895757%26rtpof%3Dtrue%26sd%3Dtrue&amp;source=gmail&amp;ust=1633096422031000&amp;usg=AFQjCNGr3pcqzB5k7MlCuI1YpqdIBrDNzA\">https:\/\/docs.google.com\/document\/d\/1dL22c1ZlE3B2YG-ccOCZ1HDpHNJErlU-\/edit?usp=sharing&amp;ouid=104692671490691895757&amp;rtpof=true&amp;sd=true<\/a><\/span><\/p>\n<p style=\"font-weight: 400;\"><u>Acta n\u00ba4 Autonom\u00eda (septiembre,2021) <\/u>Link:\u00a0<span style=\"color: #0000ff;\"><a style=\"color: #0000ff;\" href=\"https:\/\/docs.google.com\/document\/d\/1P6bN22aZ3FTshVsHoOGeYEWp9tIfkZRw\/edit?usp=sharing&amp;ouid=104692671490691895757&amp;rtpof=true&amp;sd=true\" target=\"_blank\" rel=\"noopener noreferrer\" data-saferedirecturl=\"https:\/\/www.google.com\/url?q=https:\/\/docs.google.com\/document\/d\/1P6bN22aZ3FTshVsHoOGeYEWp9tIfkZRw\/edit?usp%3Dsharing%26ouid%3D104692671490691895757%26rtpof%3Dtrue%26sd%3Dtrue&amp;source=gmail&amp;ust=1633096422031000&amp;usg=AFQjCNFVG9kj1Z7IhdPZ_5m8tebjaeMMPw\">https:\/\/docs.google.com\/document\/d\/1P6bN22aZ3FTshVsHoOGeYEWp9tIfkZRw\/edit?usp=sharing&amp;ouid=104692671490691895757&amp;rtpof=true&amp;sd=true<\/a><\/span><\/p>\n<div><u>Acta n\u00ba5 \u00c9tica del cuidado (octubre, 2021)<\/u><\/div>\n<div>Link: <span style=\"color: #0000ff;\"><a style=\"color: #0000ff;\" href=\"https:\/\/drive.google.com\/file\/d\/1WtwlwCbIVW3qW05xmrSeS31xSdvXpRCf\/view?usp=sharing\" target=\"_blank\" rel=\"noopener noreferrer\">https:\/\/drive.google.com\/<wbr \/>file\/d\/<wbr \/>1WtwlwCbIVW3qW05xmrSeS31xSdvXp<wbr \/>RCf\/view?usp=sharing<\/a><\/span><\/div>\n<div><u><br \/>Acta n\u00ba6 Equidad y estrategia de multimorbilidad (noviembre, 2021)<\/u><\/div>\n<div>Link:\u00a0<span style=\"color: #0000ff;\"><a style=\"color: #0000ff;\" href=\"https:\/\/drive.google.com\/file\/d\/1oLYQoOY88SUcqjo2akfNrSmKTS0wVEhU\/view?usp=sharing\" target=\"_blank\" rel=\"noopener noreferrer\" data-saferedirecturl=\"https:\/\/www.google.com\/url?q=https:\/\/drive.google.com\/file\/d\/1oLYQoOY88SUcqjo2akfNrSmKTS0wVEhU\/view?usp%3Dsharing&amp;source=gmail&amp;ust=1638050464879000&amp;usg=AOvVaw0IbHh01RElHq6zYko8a6IZ\">https:\/\/drive.google.<wbr \/>com\/file\/d\/<wbr \/>1oLYQoOY88SUcqjo2akfNrSmKTS0wV<wbr \/>EhU\/view?usp=sharing<\/a><\/span><\/div>\n<div>\u00a0<\/div>\n<div>\n<div><u>Acta n\u00ba7 Uso de licencias m\u00e9dicas para otros fines y planificaci\u00f3n 2022 (marzo, 2022)<\/u><\/div>\n<div>Link: <span style=\"color: #0000ff;\"><a style=\"color: #0000ff;\" href=\"https:\/\/drive.google.com\/file\/d\/1DpAT3yyodBxuNmqeuaepLHrbpnQkd9gi\/view?usp=sharing\" target=\"_blank\" rel=\"noopener noreferrer\">https:\/\/drive.google.com\/file\/d\/1DpAT3yyodBxuNmqeuaepLHrbpnQkd9gi\/view?usp=sharing<\/a><\/span><\/div>\n<\/div>\n<div>\u00a0<\/div>\n<div><u>Acta n\u00ba8 Dise\u00f1o de curso de metodolog\u00eda deliberativa para socios\/as (abril, 2022)<\/u><\/div>\n<div>Link:\u00a0<span style=\"color: #0000ff;\"><a style=\"color: #0000ff;\" href=\"https:\/\/drive.google.com\/file\/d\/1AJZTLmsph6RlXHxddpAAo8uW1VexOlpr\/view?usp=sharing\" target=\"_blank\" rel=\"noopener noreferrer\" data-saferedirecturl=\"https:\/\/www.google.com\/url?q=https:\/\/drive.google.com\/file\/d\/1AJZTLmsph6RlXHxddpAAo8uW1VexOlpr\/view?usp%3Dsharing&amp;source=gmail&amp;ust=1650757950541000&amp;usg=AOvVaw0yPVmyOISDS6FlYJISvXEx\">https:\/\/drive.google.<wbr \/>com\/file\/d\/<wbr \/>1AJZTLmsph6RlXHxddpAAo8uW1VexO<wbr \/>lpr\/view?usp=sharing<\/a><\/span><\/div>\n<div>\u00a0<\/div>\n<div>\n<div><u>Acta n\u00ba9 Organizaci\u00f3n del curso, aborto en la nueva Constituci\u00f3n y Objeci\u00f3n de conciencia\u00a0\u00a0<\/u> (mayo, 2022)<\/div>\n<div>Link:\u00a0<span style=\"color: #3366ff;\"><a style=\"color: #3366ff;\" href=\"https:\/\/drive.google.com\/file\/d\/1PM3KePLBXYTLamyeH9Cl-397aLvRUb-Z\/view?usp=sharing\" target=\"_blank\" rel=\"noopener noreferrer\" data-saferedirecturl=\"https:\/\/www.google.com\/url?q=https:\/\/drive.google.com\/file\/d\/1PM3KePLBXYTLamyeH9Cl-397aLvRUb-Z\/view?usp%3Dsharing&amp;source=gmail&amp;ust=1653141274227000&amp;usg=AOvVaw1RmiNPSnhlP-xZg1zCSigE\"><span style=\"color: #0000ff;\">https:\/\/drive.google.<wbr \/>com\/file\/d\/<wbr \/>1PM3KePLBXYTLamyeH9Cl-<wbr \/>397aLvRUb-Z\/view?usp=sharing<\/span><\/a><\/span><\/div>\n<\/div>\n<div>\u00a0<\/div>\n<div><u>Acta n\u00ba10 M\u00e9todo deliberativo<\/u> (junio, 2022) <br \/>Link: <span style=\"color: #0000ff;\"><a style=\"color: #0000ff;\" href=\"https:\/\/drive.google.com\/file\/d\/16NsXDXpQOxwWWngiYLJf6gFkwVl8Pk_8\/view?usp=sharing\" target=\"_blank\" rel=\"noopener\">https:\/\/drive.google.com\/file\/d\/16NsXDXpQOxwWWngiYLJf6gFkwVl8Pk_8\/view?usp=sharing<\/a><\/span><\/div>\n<div>\u00a0<\/div>\n<div>\n<div dir=\"auto\">\n<p><u>Acta n\u00b011 Jornada de objeci\u00f3n de conciencia y participaci\u00f3n en congreso anual SOCHIMEF (julio 2022)<br \/><\/u>Link: <span style=\"color: #0000ff;\"><a style=\"color: #0000ff;\" href=\"https:\/\/drive.google.com\/file\/d\/19ogHeLCddyyfUvCHcxMnZ9zFzsOHfrvH\/view?usp=drivesdk\" target=\"_blank\" rel=\"noopener\" data-saferedirecturl=\"https:\/\/www.google.com\/url?q=https:\/\/drive.google.com\/file\/d\/19ogHeLCddyyfUvCHcxMnZ9zFzsOHfrvH\/view?usp%3Ddrivesdk&amp;source=gmail&amp;ust=1658613692436000&amp;usg=AOvVaw2GPIUCW08c0Ve2ssC-P98v\">https:\/\/drive.google.com\/file\/<wbr \/>d\/<wbr \/>19ogHeLCddyyfUvCHcxMnZ9zFzsOHf<wbr \/>rvH\/view?usp=drivesdk<\/a><\/span><\/p>\n<p><u>Acta n\u00b012 Experiencia de la Universidad de Valpara\u00edso en metodolog\u00eda deliberativa durante internado electivo APS y proyecci\u00f3n del GT Bio\u00e9tica. (agosto, 2022)<br \/><\/u>Link:\u00a0<span style=\"color: #0000ff;\"><a style=\"color: #0000ff;\" href=\"https:\/\/drive.google.com\/file\/d\/1g25M_Pg_ChNJamGe24u67MN-Y9HM9GPY\/view?usp=sharing\" target=\"_blank\" rel=\"noopener\" data-saferedirecturl=\"https:\/\/www.google.com\/url?q=https:\/\/drive.google.com\/file\/d\/1g25M_Pg_ChNJamGe24u67MN-Y9HM9GPY\/view?usp%3Dsharing&amp;source=gmail&amp;ust=1660954036974000&amp;usg=AOvVaw1abfIRbgoq59M_nGWWOSxX\">https:\/\/drive.google.<wbr \/>com\/file\/d\/1g25M_Pg_<wbr \/>ChNJamGe24u67MN-Y9HM9GPY\/view?<wbr \/>usp=sharing<\/a><\/span><\/p>\n<\/div>\n<\/div>\n<p><u>Acta n\u00b013 Columna acerca de Bio\u00e9tica en revista SOCHIMEF. (Octubre, 2022)<br \/><\/u>Link: <span style=\"color: #0000ff;\"><a style=\"color: #0000ff;\" href=\"https:\/\/drive.google.com\/file\/d\/150CXTA0H3ecjGmgNZ1MO2gr3AJ0XbJpm\/view?usp=sharing\" data-saferedirecturl=\"https:\/\/www.google.com\/url?q=https:\/\/drive.google.com\/file\/d\/150CXTA0H3ecjGmgNZ1MO2gr3AJ0XbJpm\/view?usp%3Dsharing&amp;source=gmail&amp;ust=1666398338040000&amp;usg=AOvVaw2pSTWLbXvgbKWlc5bkhxHq\">https:\/\/drive.google.com\/file\/d\/150CXTA0H3ecjGmgNZ1MO2gr3AJ0XbJpm\/view?usp=sharing<\/a><\/span><\/p>\n<p><u>Acta n\u00b014 Principios bio\u00e9ticos (Marzo, 2023)<br \/><\/u>Link:\u00a0<span style=\"color: #0000ff;\"><a style=\"color: #0000ff;\" href=\"https:\/\/drive.google.com\/file\/d\/1UNBaLe94515CxcTy9WStTsSrR589jWjc\/view?usp=share_link\" target=\"_blank\" rel=\"noopener\" data-saferedirecturl=\"https:\/\/www.google.com\/url?q=https:\/\/drive.google.com\/file\/d\/1UNBaLe94515CxcTy9WStTsSrR589jWjc\/view?usp%3Dshare_link&amp;source=gmail&amp;ust=1679100277858000&amp;usg=AOvVaw1wwvD_7jPIxU-thhBv0Ad4\">https:\/\/drive.google.<wbr \/>com\/file\/d\/<wbr \/>1UNBaLe94515CxcTy9WStTsSrR589j<wbr \/>Wjc\/view?usp=share_link<\/a><\/span><\/p>\n<p><u>Acta n\u00b015 Aplicaci\u00f3n de m\u00e9todo deliberativo (abril, 2023)<br \/><\/u>Link: <span style=\"color: #0000ff;\"><a style=\"color: #0000ff;\" href=\"https:\/\/drive.google.com\/file\/d\/1PexGsqXvPQwStneyCiedmuxjvwCQwPUb\/view?usp=share_link\" target=\"_blank\" rel=\"noopener\" data-saferedirecturl=\"https:\/\/www.google.com\/url?q=https:\/\/drive.google.com\/file\/d\/1PexGsqXvPQwStneyCiedmuxjvwCQwPUb\/view?usp%3Dshare_link&amp;source=gmail&amp;ust=1682196024974000&amp;usg=AOvVaw3wQShFUuXTUegCX5Cne7R4\">https:\/\/drive.google.com\/<wbr \/>file\/d\/<wbr \/>1PexGsqXvPQwStneyCiedmuxjvwCQw<wbr \/>PUb\/view?usp=share_link<\/a><\/span><\/p>\n<div><u>Acta n\u00b016 \u00a0Participaci\u00f3n en WONCA mundial y I Jornada de bio\u00e9tica para APS (Mayo, 2023)<br \/><\/u>Link:<\/div>\n<p><span style=\"color: #0000ff;\"><a style=\"color: #0000ff;\" href=\"https:\/\/drive.google.com\/file\/d\/1I8UkZgHPcHGZHVLVZom_WVQPedG09oBj\/view?usp=share_link\" target=\"_blank\" rel=\"noopener\" data-saferedirecturl=\"https:\/\/www.google.com\/url?q=https:\/\/drive.google.com\/file\/d\/1I8UkZgHPcHGZHVLVZom_WVQPedG09oBj\/view?usp%3Dshare_link&amp;source=gmail&amp;ust=1684879622263000&amp;usg=AOvVaw0L990iQbM6dkUH_1m7Tbi0\">https:\/\/drive.google.com\/file\/<wbr \/>d\/1I8UkZgHPcHGZHVLVZom_<wbr \/>WVQPedG09oBj\/view?usp=share_<wbr \/>link<\/a><\/span><\/p>\n<p><u>Acta n\u00b017 An\u00e1lisis I Jornada de bio\u00e9tica para APS y organizaci\u00f3n final del curso de deliberaci\u00f3n (julio, 2023)<br \/><\/u>Link:\u00a0<span style=\"color: #0000ff;\"><a style=\"color: #0000ff;\" href=\"https:\/\/drive.google.com\/file\/d\/14Z0-iIKyYNDpPHve9WuM2I-im-j-8RZ7\/view?usp=share_link\" target=\"_blank\" rel=\"noopener\" data-saferedirecturl=\"https:\/\/www.google.com\/url?q=https:\/\/drive.google.com\/file\/d\/14Z0-iIKyYNDpPHve9WuM2I-im-j-8RZ7\/view?usp%3Dshare_link&amp;source=gmail&amp;ust=1690041877595000&amp;usg=AOvVaw0rru5_QNTRXwomc5UdFY6T\">https:\/\/drive.google.<wbr \/>com\/file\/d\/14Z0-<wbr \/>iIKyYNDpPHve9WuM2I-im-j-8RZ7\/<wbr \/>view?usp=share_link<\/a><\/span><\/p>\n<div>Acta n\u00b018\u00a0<u>Organizaci\u00f3n II Jornada nacional Bio\u00e9tica para equipos de APS<\/u><u>\u00a0(marzo, 2024)<\/u><\/div>\n<div>Link:<span style=\"color: #0000ff;\"><a style=\"color: #0000ff;\" href=\"https:\/\/drive.google.com\/file\/d\/13M8agWrNzBSoSdyBF-p_mTqaCsyOl858\/view?usp=share_link\" target=\"_blank\" rel=\"noopener\" data-saferedirecturl=\"https:\/\/www.google.com\/url?q=https:\/\/drive.google.com\/file\/d\/13M8agWrNzBSoSdyBF-p_mTqaCsyOl858\/view?usp%3Dshare_link&amp;source=gmail&amp;ust=1711196781126000&amp;usg=AOvVaw002lND9S88EHgBf_fcW0vL\">https:\/\/drive.google.com\/<wbr \/>file\/d\/13M8agWrNzBSoSdyBF-p_<wbr \/>mTqaCsyOl858\/view?usp=share_<wbr \/>link<\/a><\/span><\/div>\n<div>\u00a0<\/div>\n<div>\n<div>\n<div>Acta n\u00b019\u00a0<u>Organizaci\u00f3n II Jornada nacional Bio\u00e9tica para equipos de APS<\/u><u>\u00a0(abril, 2024)<\/u><\/div>\n<div>Link: <a style=\"color: #0000ff;\" href=\"https:\/\/drive.google.com\/file\/d\/1X6qa1slGpiBRxihmmANk1SKwhTON8xxN\/view?usp=sharing\" target=\"_blank\" rel=\"noopener\" data-saferedirecturl=\"https:\/\/www.google.com\/url?q=https:\/\/drive.google.com\/file\/d\/1X6qa1slGpiBRxihmmANk1SKwhTON8xxN\/view?usp%3Dsharing&amp;source=gmail&amp;ust=1714778748806000&amp;usg=AOvVaw2GqLbEoVagaBHTw09aNEEt\">https:\/\/drive.google.com\/file\/<wbr \/>d\/<wbr \/>1X6qa1slGpiBRxihmmANk1SKwhTON8<wbr \/>xxN\/view?usp=sharing<\/a><\/div>\n<\/div>\n<\/div>\n<div>\u00a0<\/div>\n<div>\n<div>Acta n\u00b020 <u>Programa definitivo para\u00a0\u00a0II Jornada nacional Bio\u00e9tica para equipos de APS\u00a0(mayo, 2024)<\/u><\/div>\n<div>Link:\u00a0<span style=\"color: #0000ff;\"><a style=\"color: #0000ff;\" href=\"https:\/\/drive.google.com\/file\/d\/14diEew3j7xfvejG40Fl6rZyb8a9SBclG\/view?usp=sharing\" target=\"_blank\" rel=\"noopener\" data-saferedirecturl=\"https:\/\/www.google.com\/url?q=https:\/\/drive.google.com\/file\/d\/14diEew3j7xfvejG40Fl6rZyb8a9SBclG\/view?usp%3Dsharing&amp;source=gmail&amp;ust=1717096743616000&amp;usg=AOvVaw0M4MwF3cFDJyTE4P8NncRq\">https:\/\/drive.google.<wbr \/>com\/file\/d\/<wbr \/>14diEew3j7xfvejG40Fl6rZyb8a9SB<wbr \/>clG\/view?usp=sharing<\/a><\/span>\n<p><span style=\"color: initial;\">Acta n\u00b021 <\/span><u style=\"color: initial;\">Equipo organizador\u00a0\u00a0II Jornada nacional Bio\u00e9tica para equipos de APS (julio, 2024)<br \/><\/u><span style=\"color: initial;\">Link:<\/span><span style=\"color: #0000ff;\"><a style=\"color: #0000ff;\" href=\"https:\/\/drive.google.com\/file\/d\/1GqU8A2u-mjstEKjwEI_p7l8qjL88aJ58\/view?usp=sharing\" target=\"_blank\" rel=\"noopener\" data-saferedirecturl=\"https:\/\/www.google.com\/url?q=https:\/\/drive.google.com\/file\/d\/1GqU8A2u-mjstEKjwEI_p7l8qjL88aJ58\/view?usp%3Dsharing&amp;source=gmail&amp;ust=1720124859381000&amp;usg=AOvVaw2UzW9GNKndUi68VaM66nCG\">https:\/\/drive.google.<wbr \/>com\/file\/d\/1GqU8A2u-<wbr \/>mjstEKjwEI_p7l8qjL88aJ58\/view?<wbr \/>usp=sharing<\/a><\/span><\/p>\n<\/div>\n<\/div>\n<div>\n<div>Acta n\u00b022 <u>Evaluaci\u00f3n II Jornada nacional Bio\u00e9tica para equipos de APS\u00a0(julio, 2024)<\/u><\/div>\n<div>Link:\u00a0<span style=\"color: #0000ff;\"><a style=\"color: #0000ff;\" href=\"https:\/\/drive.google.com\/file\/d\/1tSXkdIVFxzTaQgO6tfzM5gXZkjMgoaiY\/view?usp=sharing\" target=\"_blank\" rel=\"noopener\" data-saferedirecturl=\"https:\/\/www.google.com\/url?q=https:\/\/drive.google.com\/file\/d\/1tSXkdIVFxzTaQgO6tfzM5gXZkjMgoaiY\/view?usp%3Dsharing&amp;source=gmail&amp;ust=1722553261964000&amp;usg=AOvVaw2H_fx76Ouq8WjhXgndFzS1\">https:\/\/drive.google.<wbr \/>com\/file\/d\/<wbr \/>1tSXkdIVFxzTaQgO6tfzM5gXZkjMgo<wbr \/>aiY\/view?usp=sharing<\/a><\/span><\/div>\n<\/div>\n<div>\u00a0<\/div>\n<div>\n<div>Acta n\u00b023\u00a0<u>Organizaci\u00f3n curso de metodolog\u00eda deliberativa y participaci\u00f3n en congreso SOCHIMED\u00a0(agosto, 2024)<\/u><\/div>\n<div>Link: <span style=\"color: #0000ff;\"><a style=\"color: #0000ff;\" href=\"https:\/\/drive.google.com\/file\/d\/1mtw049PDp3hYkXTMCPrgBuOXxlaIDP3y\/view?usp=sharing\" target=\"_blank\" rel=\"noopener\" data-saferedirecturl=\"https:\/\/www.google.com\/url?q=https:\/\/drive.google.com\/file\/d\/1mtw049PDp3hYkXTMCPrgBuOXxlaIDP3y\/view?usp%3Dsharing&amp;source=gmail&amp;ust=1724356747864000&amp;usg=AOvVaw2k2R58Jb5sRApT5RsRVLJV\">https:\/\/drive.google.com\/<wbr \/>file\/d\/<wbr \/>1mtw049PDp3hYkXTMCPrgBuOXxlaID<wbr \/>P3y\/view?usp=sharing<\/a><\/span><\/div>\n<\/div>\n<div>\u00a0<\/div>\n<div>\n<div>Acta n\u00b024 P<u>articipaci\u00f3n en congreso SOCHIMED\u00a0(septiembre, 2024)<\/u><\/div>\n<div>Link:\u00a0<span style=\"color: #0000ff;\"><a style=\"color: #0000ff;\" href=\"https:\/\/drive.google.com\/file\/d\/1CbzlwhYECctzCkO5iCmYzCTKMiCtAyyj\/view?usp=sharing-\" target=\"_blank\" rel=\"noopener\" data-saferedirecturl=\"https:\/\/www.google.com\/url?q=https:\/\/drive.google.com\/file\/d\/1CbzlwhYECctzCkO5iCmYzCTKMiCtAyyj\/view?usp%3Dsharing-&amp;source=gmail&amp;ust=1727390250984000&amp;usg=AOvVaw0wFPo5gcG4M6lMRcVpE4xZ\">https:\/\/drive.google.<wbr \/>com\/file\/d\/<wbr \/>1CbzlwhYECctzCkO5iCmYzCTKMiCtA<wbr \/>yyj\/view?usp=sharing-<\/a><\/span><\/div>\n<\/div>\n<div><span style=\"color: initial;\">Acta n\u00b025 <\/span><u style=\"color: initial;\">Reuni\u00f3n extraordinaria grupo presentador: Tem\u00e1ticas para abordar en Congreso SOCHIMEF (noviembre, 2024)<\/u><\/div>\n<div>\n<div>Link:\u00a0<span style=\"color: #0000ff;\"><span style=\"color: #0000ff;\"><a style=\"color: #0000ff;\" href=\"https:\/\/drive.google.com\/file\/d\/1LZ2aifeeiblBQqLqCSdP1UJAihKGEvdl\/view?usp=sharing\" target=\"_blank\" rel=\"noopener\" data-saferedirecturl=\"https:\/\/www.google.com\/url?q=https:\/\/drive.google.com\/file\/d\/1LZ2aifeeiblBQqLqCSdP1UJAihKGEvdl\/view?usp%3Dsharing&amp;source=gmail&amp;ust=1730950444344000&amp;usg=AOvVaw04LFALXm43468LzPUuyeV1\">https:\/\/drive.google.com\/file\/<wbr \/>d\/<wbr \/>1LZ2aifeeiblBQqLqCSdP1UJAihKGE<wbr \/>vdl\/view?usp=sharing<\/a><\/span><\/span><\/div>\n<\/div>\n<\/div>\n<div>\n<div>Acta n\u00b026 <u>Organizaci\u00f3n \u00a0Webinar sobre Eutanasia con participaci\u00f3n de CAMFiC\u00a0(abril, 2025)<\/u><\/div>\n<div>Link:<span style=\"color: #0000ff;\"><a style=\"color: #0000ff;\" href=\"https:\/\/drive.google.com\/file\/d\/1Dp3R-yiFSfWyl2icGxrGcGIvENuHUxpr\/view?usp=sharing\" target=\"_blank\" rel=\"noopener\" data-saferedirecturl=\"https:\/\/www.google.com\/url?q=https:\/\/drive.google.com\/file\/d\/1Dp3R-yiFSfWyl2icGxrGcGIvENuHUxpr\/view?usp%3Dsharing&amp;source=gmail&amp;ust=1743697402581000&amp;usg=AOvVaw0GpqzeRhOO88mgo9my2QUE\">https:\/\/drive.google.com\/<wbr \/>file\/d\/1Dp3R-<wbr \/>yiFSfWyl2icGxrGcGIvENuHUxpr\/<wbr \/>view?usp=sharing<br \/><\/a><\/span><\/div>\n<\/div>\n<\/div>\n<div><span style=\"color: initial;\">Acta n\u00b027 <\/span><u style=\"color: initial;\">Organizaci\u00f3n \u00a0Webinar sobre Eutanasia con participaci\u00f3n de CAMFiC\u00a0<u>(mayo, 2025)<\/u><\/u><\/div>\n<div>\n<div dir=\"auto\">\n<div><span style=\"font-size: medium;\">Link:<\/span>\u00a0<span style=\"color: #0000ff;\"><span style=\"color: #0000ff;\"><a style=\"color: #0000ff;\" href=\"https:\/\/drive.google.com\/file\/d\/1j5VogxmjYVvZe_s4GpJMZbIMrXpHC6Xt\/view?usp=share_link\" target=\"_blank\" rel=\"noopener\" data-saferedirecturl=\"https:\/\/www.google.com\/url?q=https:\/\/drive.google.com\/file\/d\/1j5VogxmjYVvZe_s4GpJMZbIMrXpHC6Xt\/view?usp%3Dshare_link&amp;source=gmail&amp;ust=1750188257935000&amp;usg=AOvVaw1UqtuRVKWQY5qidBj9dzmA\">https:\/\/drive.google.<wbr \/>com\/file\/d\/1j5VogxmjYVvZe_<wbr \/>s4GpJMZbIMrXpHC6Xt\/view?usp=<wbr \/>share_link<\/a><\/span><\/span><\/div>\n<\/div>\n<div>\n<div>Acta n\u00b028 <u>Evaluaci\u00f3n de webinar sobre Eutanasia y organizaci\u00f3n de la segunda jornada\u00a0<\/u>;<u>(julio, 2025)<\/u><\/div>\n<div><span style=\"font-size: medium;\">Link:<\/span>\u00a0<span style=\"color: #0000ff;\"><span style=\"color: #0000ff;\"><span style=\"color: #0000ff;\"><a style=\"color: #0000ff;\" href=\"https:\/\/drive.google.com\/file\/d\/1st3RWoUyevjVNz6NY6rul2ZjGtiABh3h\/view?usp=share_link\" target=\"_blank\" rel=\"noopener\" data-saferedirecturl=\"https:\/\/www.google.com\/url?q=https:\/\/drive.google.com\/file\/d\/1st3RWoUyevjVNz6NY6rul2ZjGtiABh3h\/view?usp%3Dshare_link&amp;source=gmail&amp;ust=1752107037872000&amp;usg=AOvVaw3OcoTYQvq3VRcXUFV2al40\">https:\/\/drive.google.<wbr \/>com\/file\/d\/<wbr \/>1st3RWoUyevjVNz6NY6rul2ZjGtiAB<wbr \/>h3h\/view?usp=share_link<\/a><\/span><\/span><\/span>\n<div>Acta n\u00b029 <u>Proyecto internacional WONCA: Developing clinical ethics support for primary care\u00a0y participaci\u00f3n en congreso anual SOCHIMEF\u00a0\u00a0<\/u>;<u>(octubre, 2025)<\/u><\/div>\n<div><span style=\"font-size: medium;\">Link:<\/span>\u00a0<span style=\"color: #0000ff;\"><a style=\"color: #0000ff;\" href=\"https:\/\/drive.google.com\/file\/d\/1sVaP-x5PbTpE6bC4lMECaqrGU1V9e7r_\/view?usp=share_link\" target=\"_blank\" rel=\"noopener\" data-saferedirecturl=\"https:\/\/www.google.com\/url?q=https:\/\/drive.google.com\/file\/d\/1sVaP-x5PbTpE6bC4lMECaqrGU1V9e7r_\/view?usp%3Dshare_link&amp;source=gmail&amp;ust=1762540126122000&amp;usg=AOvVaw3kFSnZ3dyQ4ZBOZrg-wrMh\">https:\/\/drive.google.<wbr \/>com\/file\/d\/1sVaP-<wbr \/>x5PbTpE6bC4lMECaqrGU1V9e7r_\/<wbr \/>view?usp=share_link<\/a><\/span><\/div>\n<div>\n<div>Acta n\u00b030 <u>Participaci\u00f3n en congreso anual SOCHIMEF 2026 (abril, 2026)<\/u><br \/>Link:\u00a0<span style=\"color: #0000ff;\"><a style=\"color: #0000ff;\" href=\"https:\/\/drive.google.com\/file\/d\/1gxuLw1S0v-V2dyntlDzcofgOU2KP0m7P\/view?usp=sharing\" target=\"_blank\" rel=\"noopener\" data-saferedirecturl=\"https:\/\/www.google.com\/url?q=https:\/\/drive.google.com\/file\/d\/1gxuLw1S0v-V2dyntlDzcofgOU2KP0m7P\/view?usp%3Dsharing&amp;source=gmail&amp;ust=1776977497128000&amp;usg=AOvVaw04sIAbzw2EaNJQJWeY02Bh\">https:\/\/drive.google.com\/file\/<wbr \/>d\/1gxuLw1S0v-<wbr \/>V2dyntlDzcofgOU2KP0m7P\/view?<wbr \/>usp=sharing<\/a><\/span><\/div>\n<\/div>\n<\/div>\n<\/div>\n<\/div>\n<div>\u00a0<\/div>\n\n\n<p><\/p>\n","protected":false},"excerpt":{"rendered":"<p>Este grupo se plantea como prop\u00f3sito desarrollar la bio\u00e9tica aplicada en la medicina familiar en los \u00e1mbitos acad\u00e9mico, profesional e institucional. Cuya estrategias y \u00e1mbitos de acci\u00f3n son la difusi\u00f3n de la Bio\u00e9tica como herramienta para una pr\u00e1ctica profesional humanizada en el cuidado de las personas, sus familias y la comunidad. Adem\u00e1s de la capacitaci\u00f3n [&hellip;]<\/p>\n","protected":false},"author":1,"featured_media":2725,"parent":0,"menu_order":0,"comment_status":"closed","ping_status":"closed","template":"","meta":{"footnotes":""},"class_list":["post-2269","page","type-page","status-publish","has-post-thumbnail","hentry"],"_links":{"self":[{"href":"https:\/\/www.medicinafamiliar.cl\/mf\/wordpress\/wp-json\/wp\/v2\/pages\/2269","targetHints":{"allow":["GET"]}}],"collection":[{"href":"https:\/\/www.medicinafamiliar.cl\/mf\/wordpress\/wp-json\/wp\/v2\/pages"}],"about":[{"href":"https:\/\/www.medicinafamiliar.cl\/mf\/wordpress\/wp-json\/wp\/v2\/types\/page"}],"author":[{"embeddable":true,"href":"https:\/\/www.medicinafamiliar.cl\/mf\/wordpress\/wp-json\/wp\/v2\/users\/1"}],"replies":[{"embeddable":true,"href":"https:\/\/www.medicinafamiliar.cl\/mf\/wordpress\/wp-json\/wp\/v2\/comments?post=2269"}],"version-history":[{"count":111,"href":"https:\/\/www.medicinafamiliar.cl\/mf\/wordpress\/wp-json\/wp\/v2\/pages\/2269\/revisions"}],"predecessor-version":[{"id":5482,"href":"https:\/\/www.medicinafamiliar.cl\/mf\/wordpress\/wp-json\/wp\/v2\/pages\/2269\/revisions\/5482"}],"wp:featuredmedia":[{"embeddable":true,"href":"https:\/\/www.medicinafamiliar.cl\/mf\/wordpress\/wp-json\/wp\/v2\/media\/2725"}],"wp:attachment":[{"href":"https:\/\/www.medicinafamiliar.cl\/mf\/wordpress\/wp-json\/wp\/v2\/media?parent=2269"}],"curies":[{"name":"wp","href":"https:\/\/api.w.org\/{rel}","templated":true}]}}