{"id":662,"date":"2020-08-17T19:38:03","date_gmt":"2020-08-17T22:38:03","guid":{"rendered":"http:\/\/www.medicinafamiliar.cl\/mf\/wordpress\/?page_id=662"},"modified":"2023-07-19T14:26:30","modified_gmt":"2023-07-19T18:26:30","slug":"comite-ninos-ninas-y-adolescentes","status":"publish","type":"page","link":"http:\/\/www.medicinafamiliar.cl\/mf\/wordpress\/comite-ninos-ninas-y-adolescentes\/","title":{"rendered":"Comit\u00e9 Ni\u00f1os, Ni\u00f1as y Adolescentes"},"content":{"rendered":"<p style=\"text-align: justify;\">El desarrollo f\u00edsico, emocional y social en la infancia impactar\u00e1 directamente en el futuro, sentando las bases para la adultez. Muchas de las enfermedades cr\u00f3nicas no transmisibles se relacionan directamente con h\u00e1bitos que se adquieren de forma temprana en esta etapa del ciclo vital. Del mismo modo, los v\u00ednculos de apego en la infancia y adolescencia ejercen una influencia crucial sobre el desarrollo saludable de los ni\u00f1os y ni\u00f1as, y a la vez influyen estructuralmente en el desarrollo de la personalidad y la predisposici\u00f3n del individuo a patolog\u00edas de salud mental o a la vulnerabilidad psicol\u00f3gica.<\/p>\n<p style=\"text-align: justify;\">Es as\u00ed que las intervenciones en infancia no s\u00f3lo son beneficiosas en t\u00e9rminos de promoci\u00f3n y prevenci\u00f3n de las patolog\u00edas m\u00e1s prevalentes en la adultez, adem\u00e1s, la efectiva implementaci\u00f3n de estas representa un deber \u00e9tico por parte de los estados y sus sistemas de salud y una inversi\u00f3n costoefectiva en salud.<\/p>\n<p style=\"text-align: justify;\">Los m\u00e9dicos de familia son actores de salud que comprenden que las personas, y especialmente las m\u00e1s j\u00f3venes, se desarrollan y desenvuelven en un contexto determinado, y que el bienestar-malestar de ellos est\u00e1 determinado por m\u00faltiples factores que exceden lo netamente sanitario, por lo tanto, cuentan con una perspectiva privilegiada de aquello que explica (o permite explicar) los diversos y muchas veces inequitativos niveles de bienestar de las personas y comunidades a lo largo de su vida.<\/p>\n<p style=\"text-align: justify;\"><strong>OBJETIVO GENERAL:<\/strong> <br \/>Convocar a los socios de SOCHIMEF con inter\u00e9s en el bienestar de los ni\u00f1os, ni\u00f1as y adolescentes, de manera de generar acciones de educaci\u00f3n continua, evaluaci\u00f3n y monitoreo, desarrollo y formulaci\u00f3n de propuestas enfocadas en esta etapa del ciclo vital, transformando a la Sociedad Chilena de Medicina Familiar en un referente cient\u00edfico y t\u00e9cnico relevante de considerar para la elaboraci\u00f3n de pol\u00edticas p\u00fablicas orientadas a infancia.<\/p>\n<p style=\"text-align: left;\"><strong>OBJETIVOS ESPEC\u00cdFICOS:<\/strong> <br \/>1. Desarrollo de una agenda al interior de la SOCHIMEF en torno a la salud\/bienestar infanto-juvenil, con \u00e9nfasis en los siguientes enfoques:<\/p>\n<p style=\"text-align: left;\">a. Derechos de la infancia, buenos tratos, crianza respetuosa, parentalidad positiva y desarrollo de competencias parentales. <br \/>b. Familiar e intervenci\u00f3n multidisciplinaria en problemas y crisis de familias con ni\u00f1os y adolescentes. <br \/>c. Di\u00e1dico con \u00e9nfasis en temas como promoci\u00f3n y prevenci\u00f3n de salud desde el embarazo, lactancia materna, colecho, sue\u00f1o respetuoso y h\u00e1bitos saludables entre otros. <br \/>d. Psicosocial en temas como malos tratos, abuso sexual, fracaso escolar, bullying, consumo de sustancias entre otros. <br \/>e. De Riesgo en Infancia vulnerada y fortalecimiento de red de protecci\u00f3n de ni\u00f1ez y adolescencia. <br \/>f. Intersectorial, identificando socios estrat\u00e9gicos y buscando alianzas con actores comunitarios, y muy especialmente, con referentes del sector Educaci\u00f3n.<\/p>\n<p style=\"text-align: left;\">2. Desarrollo e implementaci\u00f3n de ciclos de educaci\u00f3n continua en temas de salud y bienestar infanto-juvenil orientado a equipos de salud del nivel primario de atenci\u00f3n.<\/p>\n<p style=\"text-align: left;\">3. Desarrollo de programas de intervenci\u00f3n orientados a familias con ni\u00f1os y\/o adolescentes de car\u00e1cter promocional, preventivos, terap\u00e9uticos o de rehabilitaci\u00f3n.<\/p>\n<p style=\"text-align: left;\">4. Monitoreo de iniciativas y propuestas de inter\u00e9s p\u00fablico relacionadas con infancia y adolescencia de orden local y nacional.<\/p>\n<p style=\"text-align: left;\">5. Fomento de pol\u00edticas p\u00fablicas con impacto sanitario en poblaci\u00f3n infantojuvenil.<\/p>\n<p style=\"text-align: left;\">6. Desarrollo de alianzas estrat\u00e9gicas con actores relevantes y promotores del cuidado saludable de ni\u00f1os y adolescentes de nuestro pa\u00eds.<\/p>\n<p style=\"text-align: left;\">7. Iniciar una vinculaci\u00f3n con Sociedades M\u00e9dicas internacionales abocadas a la atenci\u00f3n sanitaria infantil ambulatoria y familiar.<\/p>\n<p style=\"text-align: left;\">8. Posicionamiento en redes sociales del rol del m\u00e9dico de familia en el cuidado de la salud infantojuvenil.<\/p>\n<p style=\"text-align: left;\"><strong>AGENDA DE CORTO PLAZO<\/strong> <br \/>\u25cf Cuidados de la salud mental en poblaci\u00f3n infantojuvenil en contexto de pandemia y sus consecuencias. <br \/>\u25cf Extensi\u00f3n del postnatal en contexto de pandemia, con orientaci\u00f3n hacia extensi\u00f3n definitiva de postnatal a 1 a\u00f1o de edad del ni\u00f1o, y postnatal paternal de 6 a 8 semanas. <br \/>\u25cf Monitoreo de implementaci\u00f3n del nuevo marco jur\u00eddico de protecci\u00f3n de infancia vulnerada. <br \/>\u25cf Desarrollo de estrategia de Redes Sociales con contenidos de confecci\u00f3n propia o adaptados, orientado hacia promoci\u00f3n y prevenci\u00f3n de salud infantojuvenil.<\/p>\n<p>Coordinadora: <strong>Dra. Pilar Monsalve<\/strong><\/p>\n\n\n<p><\/p>\n","protected":false},"excerpt":{"rendered":"<p>El desarrollo f\u00edsico, emocional y social en la infancia impactar\u00e1 directamente en el futuro, sentando las bases para la adultez. Muchas de las enfermedades cr\u00f3nicas no transmisibles se relacionan directamente con h\u00e1bitos que se adquieren de forma temprana en esta etapa del ciclo vital. Del mismo modo, los v\u00ednculos de apego en la infancia y [&hellip;]<\/p>\n","protected":false},"author":1,"featured_media":0,"parent":0,"menu_order":0,"comment_status":"closed","ping_status":"closed","template":"","meta":{"footnotes":""},"class_list":["post-662","page","type-page","status-publish","hentry"],"_links":{"self":[{"href":"http:\/\/www.medicinafamiliar.cl\/mf\/wordpress\/wp-json\/wp\/v2\/pages\/662","targetHints":{"allow":["GET"]}}],"collection":[{"href":"http:\/\/www.medicinafamiliar.cl\/mf\/wordpress\/wp-json\/wp\/v2\/pages"}],"about":[{"href":"http:\/\/www.medicinafamiliar.cl\/mf\/wordpress\/wp-json\/wp\/v2\/types\/page"}],"author":[{"embeddable":true,"href":"http:\/\/www.medicinafamiliar.cl\/mf\/wordpress\/wp-json\/wp\/v2\/users\/1"}],"replies":[{"embeddable":true,"href":"http:\/\/www.medicinafamiliar.cl\/mf\/wordpress\/wp-json\/wp\/v2\/comments?post=662"}],"version-history":[{"count":10,"href":"http:\/\/www.medicinafamiliar.cl\/mf\/wordpress\/wp-json\/wp\/v2\/pages\/662\/revisions"}],"predecessor-version":[{"id":3930,"href":"http:\/\/www.medicinafamiliar.cl\/mf\/wordpress\/wp-json\/wp\/v2\/pages\/662\/revisions\/3930"}],"wp:attachment":[{"href":"http:\/\/www.medicinafamiliar.cl\/mf\/wordpress\/wp-json\/wp\/v2\/media?parent=662"}],"curies":[{"name":"wp","href":"https:\/\/api.w.org\/{rel}","templated":true}]}}