{"id":423,"date":"2020-06-05T01:12:56","date_gmt":"2020-06-05T04:12:56","guid":{"rendered":"http:\/\/www.medicinafamiliar.cl\/mf\/wordpress\/?page_id=423"},"modified":"2023-07-19T14:31:11","modified_gmt":"2023-07-19T18:31:11","slug":"comision-de-etica","status":"publish","type":"page","link":"http:\/\/www.medicinafamiliar.cl\/mf\/wordpress\/comision-de-etica\/","title":{"rendered":"Comisi\u00f3n de \u00c9tica"},"content":{"rendered":"<p>Con fecha 3 de Junio de 2020, se ha constituido la <strong>Comisi\u00f3n de \u00c9tica<\/strong> de la <strong>SOCHIMEF<\/strong>, eligi\u00e9ndose como <em><strong>Presidente<\/strong> <\/em>al <strong>Dr. Diego Justiniano Burstein<\/strong>, <strong><em>Secretario<\/em> <\/strong>al <strong>Dr. Fernando C\u00e1ceres Herrera<\/strong> y miembro de \u00e9sta tambi\u00e9n <strong>Dra. Carmen Nadal.<\/strong><\/p>\n<p><strong>Descripci\u00f3n resumida<\/strong><br \/>\nLa <strong>Comisi\u00f3n de \u00c9tica<\/strong>, estar\u00e1 compuesta por tres miembros elegidos cada cinco a\u00f1os en la <em>Asamblea General Ordinaria Anual<\/em>. Los miembros de dicha <em>Comisi\u00f3n<\/em> durar\u00e1n cinco a\u00f1os en sus cargos y podr\u00e1n ser reelegidos indefinidamente. Es incompatible el cargo de <em>Director<\/em> con el de miembro de la<strong> Comisi\u00f3n de \u00c9tica.<\/strong><\/p>\n<p>Deber\u00e1 funcionar con la mayor\u00eda absoluta de sus miembros y sus acuerdos se adoptar\u00e1n por la mayor\u00eda absoluta de los asistentes.<\/p>\n<p>La <strong>Comisi\u00f3n de \u00c9tica<\/strong>, previa investigaci\u00f3n de los hechos efectuada por un <em><strong>Instructor<\/strong><\/em>, podr\u00e1 sancionar a los socios con las medidas disciplinarias. El <em><strong>Instructor<\/strong><\/em>, ser\u00e1 una persona integrante (socio) de la <em>Asociaci\u00f3n<\/em> no comprometido en el hecho que se investiga, y ser\u00e1 designado por el <em><strong>Directorio<\/strong><\/em>.<\/p>\n<p>La <strong>Comisi\u00f3n de \u00e9tica<\/strong> podr\u00e1 aplicar las siguientes medidas disciplinarias:<br \/>\n1) Amonestaci\u00f3n verbal.<br \/>\n2) Amonestaci\u00f3n por escrito.<br \/>\n3) Expulsi\u00f3n.<\/p>\n<p>Toda la informaci\u00f3n del <strong>Comit\u00e9 de \u00c9tica<\/strong>, est\u00e1 detallada en los <span style=\"color: #003366;\"><a style=\"color: #003366;\" href=\"http:\/\/www.medicinafamiliar.cl\/mf\/wordpress\/wp-content\/uploads\/2020\/02\/estatutos-vigentes-octubre-2017.pdf\" target=\"_blank\" rel=\"noopener noreferrer\"><strong>Estatutos de SOCHIMEF<\/strong><\/a><a id=\"1f7518de-9b4b-43a8-95e9-5f2519f66326\" title=\"View this pdf file\" href=\"https:\/\/docs.google.com\/viewer?url=http%3A%2F%2Fwww.medicinafamiliar.cl%2Fmf%2Fwordpress%2Fwp-content%2Fuploads%2F2020%2F02%2Festatutos-vigentes-octubre-2017.pdf&amp;embedded=true&amp;chrome=false&amp;dov=1\"><img decoding=\"async\" style=\"margin-left: 3px; width: 16px; height: 16px;\" src=\"chrome-extension:\/\/gmpljdlgcdkljlppaekciacdmdlhfeon\/images\/beside-link-icon.svg\" \/><\/a> <\/span>(2017) en los siguientes <strong>T\u00edtulos<\/strong>:<\/p>\n<p>T\u00edtulo Segundo \u2013 Art\u00edculo D\u00e9cimo Segundo<br \/>\nT\u00edtulo Noveno \u2013 Art\u00edculo Cuadrag\u00e9simo Segundo<br \/>\nT\u00edtulo Noveno \u2013 Art\u00edculo Cuadrag\u00e9simo Tercero<br \/>\nT\u00edtulo Noveno \u2013 Art\u00edculo Cuadrag\u00e9simo Cuarto<br \/>\nT\u00edtulo Noveno \u2013 Art\u00edculo Cuadrag\u00e9simo Quinto<\/p>\n<p>Coordinador: <strong>Dr. Diego Justiniano Burstein<\/strong><\/p>\n","protected":false},"excerpt":{"rendered":"<p>Con fecha 3 de Junio de 2020, se ha constituido la Comisi\u00f3n de \u00c9tica de la SOCHIMEF, eligi\u00e9ndose como Presidente al Dr. Diego Justiniano Burstein, Secretario al Dr. Fernando C\u00e1ceres Herrera y miembro de \u00e9sta tambi\u00e9n Dra. Carmen Nadal. Descripci\u00f3n resumida La Comisi\u00f3n de \u00c9tica, estar\u00e1 compuesta por tres miembros elegidos cada cinco a\u00f1os en [&hellip;]<\/p>\n","protected":false},"author":1,"featured_media":0,"parent":0,"menu_order":0,"comment_status":"closed","ping_status":"closed","template":"","meta":{"footnotes":""},"class_list":["post-423","page","type-page","status-publish","hentry"],"_links":{"self":[{"href":"http:\/\/www.medicinafamiliar.cl\/mf\/wordpress\/wp-json\/wp\/v2\/pages\/423","targetHints":{"allow":["GET"]}}],"collection":[{"href":"http:\/\/www.medicinafamiliar.cl\/mf\/wordpress\/wp-json\/wp\/v2\/pages"}],"about":[{"href":"http:\/\/www.medicinafamiliar.cl\/mf\/wordpress\/wp-json\/wp\/v2\/types\/page"}],"author":[{"embeddable":true,"href":"http:\/\/www.medicinafamiliar.cl\/mf\/wordpress\/wp-json\/wp\/v2\/users\/1"}],"replies":[{"embeddable":true,"href":"http:\/\/www.medicinafamiliar.cl\/mf\/wordpress\/wp-json\/wp\/v2\/comments?post=423"}],"version-history":[{"count":5,"href":"http:\/\/www.medicinafamiliar.cl\/mf\/wordpress\/wp-json\/wp\/v2\/pages\/423\/revisions"}],"predecessor-version":[{"id":3932,"href":"http:\/\/www.medicinafamiliar.cl\/mf\/wordpress\/wp-json\/wp\/v2\/pages\/423\/revisions\/3932"}],"wp:attachment":[{"href":"http:\/\/www.medicinafamiliar.cl\/mf\/wordpress\/wp-json\/wp\/v2\/media?parent=423"}],"curies":[{"name":"wp","href":"https:\/\/api.w.org\/{rel}","templated":true}]}}