{"id":115,"date":"2020-02-06T03:15:54","date_gmt":"2020-02-06T06:15:54","guid":{"rendered":"http:\/\/www.medicinafamiliar.cl\/mf\/wordpress\/?page_id=115"},"modified":"2020-06-16T20:17:55","modified_gmt":"2020-06-16T23:17:55","slug":"enlaces-de-interes","status":"publish","type":"page","link":"http:\/\/www.medicinafamiliar.cl\/mf\/wordpress\/enlaces-de-interes\/","title":{"rendered":"Enlaces de Inter\u00e9s"},"content":{"rendered":"<p><strong>MEDICINA FAMILIAR NACIONAL<br \/>\n<\/strong><a href=\"http:\/\/www.medicinafamiliar.cl\/mf\/wordpress\/wp-content\/uploads\/2020\/06\/documento-APS-COVID19-final.pdf\" target=\"_blank\" rel=\"noopener noreferrer\">Reconocimiento, recursos y atribuciones para la Atenci\u00f3n Primaria de Salud como actor estrat\u00e9gico en el enfrentamiento de la pandemia COVID-19<\/a><br \/>\n<a href=\"http:\/\/medicinafamiliarchile.blogspot.com\/\" target=\"_blank\" rel=\"noopener noreferrer\">&#8220;Blog: Comit\u00e9 de Abogac\u00eda por la Medicina Familiar y Pol\u00edticas P\u00fablicas&#8221;<\/a><br \/>\n<a href=\"http:\/\/buenaspracticasaps.cl\/\" target=\"_blank\" rel=\"noopener noreferrer\">Comunidad de Pr\u00e1cticas en APS<\/a><br \/>\n<a href=\"http:\/\/www.medfamiliar.cl\/\" target=\"_blank\" rel=\"noopener noreferrer\">Consorcio Universitario de Medicina y Salud Familiar: Diplomas y Cursos presenciales y en l\u00ednea<\/a><br \/>\n<a href=\"http:\/\/www.waynakay.cl\/\" target=\"_blank\" rel=\"noopener noreferrer\">Waynakay Chile: Residentes de Medicina Familiar<\/a><\/p>\n<p><strong>MEDICINA FAMILIAR INTERNACIONAL<\/strong><br \/>\n<a href=\"http:\/\/cimfwonca.org\/\" target=\"_blank\" rel=\"noopener noreferrer\">Confederaci\u00f3n Iberoamericana de Medicina Familiar<\/a><br \/>\n<a href=\"http:\/\/www.globalfamilydoctor.com\/\" target=\"_blank\" rel=\"noopener noreferrer\">WONCA Global Family Doctor<\/a><br \/>\n<a href=\"http:\/\/www.famfyg.com.ar\/\" target=\"_blank\" rel=\"noopener noreferrer\">Federaci\u00f3n Argentina de Medicina Familiar y General<\/a><br \/>\n<a href=\"http:\/\/www.semf.ec\/joomlasemf\/\" target=\"_blank\" rel=\"noopener noreferrer\">Sociedad Ecuatoriana de Medicina Familiar<\/a><br \/>\n<a href=\"https:\/\/www.semfyc.es\/medicos\/\" target=\"_blank\" rel=\"noopener noreferrer\">Sociedad Espa\u00f1ola de Medicina Familiar y Comunitaria<\/a><br \/>\n<a href=\"http:\/\/sumefac.com\/\" target=\"_blank\" rel=\"noopener noreferrer\">Sociedad Uruguaya de Medicina Familiar y Comunitaria<\/a><br \/>\n<a href=\"http:\/\/www.rcgp.org.uk\/\" target=\"_blank\" rel=\"noopener noreferrer\">Royal College of General Practitioners (Reino Unido)<\/a><br \/>\n<a href=\"http:\/\/www.cfpc.ca\/Home\/\" target=\"_blank\" rel=\"noopener noreferrer\">The College Family Physicians of Canada<\/a><\/p>\n<p><strong>INSTITUCIONES DE SALUD<\/strong><br \/>\n<a href=\"https:\/\/www.minsal.cl\/\" target=\"_blank\" rel=\"noopener noreferrer\">Ministerio de Salud de Chile<\/a><br \/>\n<a href=\"https:\/\/www.achm.cl\/\" target=\"_blank\" rel=\"noopener noreferrer\">Asociacion Chilena de Municipalidades<\/a><br \/>\n<a href=\"http:\/\/www.who.int\/topics\/primary_health_care\/es\/\" target=\"_blank\" rel=\"noopener noreferrer\">OMS Atenci\u00f3n Primaria en Salud<\/a><br \/>\n<a href=\"http:\/\/www.paho.org\/chi\/\" target=\"_blank\" rel=\"noopener noreferrer\">OPS\/OMS Chile<\/a><br \/>\n<a href=\"http:\/\/www.corporacionalzheimer.cl\/\" target=\"_blank\" rel=\"noopener noreferrer\">Corporacion Alzheimer\u00a0<\/a><\/p>\n<p><strong>UNIVERSIDADES<\/strong><br \/>\n<a href=\"http:\/\/www.medfamiliar.cl\/\" target=\"_blank\" rel=\"noopener noreferrer\">Consorcio Universitario de Salud y Medicina Familiar<br \/>\n<\/a><a href=\"http:\/\/www.uc.cl\/medicina\/medicinafamiliar\/\" target=\"_blank\" rel=\"noopener noreferrer\">Medicina Familiar, Divisi\u00f3n de Salud P\u00fablica y Medicina Familiar, Pontifica Universidad Cat\u00f3lica de Chile<\/a><br \/>\n<a href=\"http:\/\/www.udec.cl\/~saludfam\" target=\"_blank\" rel=\"noopener noreferrer\">Salud y Medicina Familiar &#8211; Centro Regional de Recursos en Promoci\u00f3n de la Salud\u00a0&#8211; Universidad de Concepci\u00f3n<br \/>\n<\/a><a href=\"http:\/\/saludpublica.uach.cl\/\" target=\"_blank\" rel=\"noopener noreferrer\">Universidad Austral de Chile &#8211; Instituto de Salud P\u00fablica<br \/>\n<\/a><a href=\"http:\/\/www.medicina.uchile.cl\/atencionprimaria\" target=\"_blank\" rel=\"noopener noreferrer\">Medicina Familiar, Departamento de AP y SF, Universidad de Chile<\/a><br \/>\n<a href=\"http:\/\/www.ufro.cl\/\" target=\"_blank\" rel=\"noopener noreferrer\">Medicina Familiar Universidad de la Frontera<br \/>\n<\/a><a href=\"https:\/\/postgrados.uv.cl\/index.php\/especialidades\/especialidades-medicas\/medicina-general-familiar\" target=\"_blank\" rel=\"noopener noreferrer\">Medicina Familiar Universidad de Valpara\u00edso<\/a><br \/>\n<a href=\"http:\/\/postgrado.facimed.cl\/medicina-familiar\/\" target=\"_blank\" rel=\"noopener noreferrer\">Programa Medicina Familiar Universidad de Santiago de Chile<\/a><\/p>\n<p><strong>CIENT\u00cdFICOS<\/strong><br \/>\n<a href=\"http:\/\/www.medfamiliar.cl\/\" target=\"_blank\" rel=\"noopener noreferrer\">Consorcio Universitario de Salud y Medicina Familiar<\/a><br \/>\n<a href=\"http:\/\/www.1aria.com\/\" target=\"_blank\" rel=\"noopener noreferrer\">1aria. com:\u00a0&#8220;La Atenci\u00f3n Primaria al alcance de tus manos&#8221;<\/a><br \/>\n<a href=\"http:\/\/www.aafp.org\/online\/en\/home.html\" target=\"_blank\" rel=\"noopener noreferrer\">American Academy of Family Physicians<\/a><br \/>\n<a href=\"http:\/\/www.foroaps.org\/hitalba-home.php?hora=20100815231053\" target=\"_blank\" rel=\"noopener noreferrer\">Foro de APS<\/a><br \/>\n<a href=\"https:\/\/www.tripdatabase.com\/\" target=\"_blank\" rel=\"noopener noreferrer\">Trip-database<\/a><br \/>\n<a href=\"http:\/\/www.epistemonikos.org\/\" target=\"_blank\" rel=\"noopener noreferrer\">Epistemonikos<\/a><\/p>\n<p><strong>GREMIALES<\/strong><br \/>\n<a href=\"http:\/\/www.medicosaps.cl\/\" target=\"_blank\" rel=\"noopener noreferrer\">Agrupaci\u00f3n de Medicos de APS<\/a><\/p>\n<p><strong>PUBLICACIONES DE SOCIOS<\/strong><br \/>\nDra. Ana Mar\u00eda Le\u00f3n <em>(Revista Scielo Salud P\u00fablica de Brasil)<\/em><br \/>\n<a href=\"https:\/\/scielosp.org\/article\/csp\/2019.v35n1\/e00172417\/es\/#\" target=\"_blank\" rel=\"noopener noreferrer\">Perspectiva de la medicina familiar en Chile: desaf\u00edos de la pr\u00e1ctica profesional<\/a><\/p>\n","protected":false},"excerpt":{"rendered":"<p>MEDICINA FAMILIAR NACIONAL Reconocimiento, recursos y atribuciones para la Atenci\u00f3n Primaria de Salud como actor estrat\u00e9gico en el enfrentamiento de la pandemia COVID-19 &#8220;Blog: Comit\u00e9 de Abogac\u00eda por la Medicina Familiar y Pol\u00edticas P\u00fablicas&#8221; Comunidad de Pr\u00e1cticas en APS Consorcio Universitario de Medicina y Salud Familiar: Diplomas y Cursos presenciales y en l\u00ednea Waynakay Chile: [&hellip;]<\/p>\n","protected":false},"author":1,"featured_media":0,"parent":0,"menu_order":0,"comment_status":"closed","ping_status":"closed","template":"","meta":{"footnotes":""},"class_list":["post-115","page","type-page","status-publish","hentry"],"_links":{"self":[{"href":"http:\/\/www.medicinafamiliar.cl\/mf\/wordpress\/wp-json\/wp\/v2\/pages\/115","targetHints":{"allow":["GET"]}}],"collection":[{"href":"http:\/\/www.medicinafamiliar.cl\/mf\/wordpress\/wp-json\/wp\/v2\/pages"}],"about":[{"href":"http:\/\/www.medicinafamiliar.cl\/mf\/wordpress\/wp-json\/wp\/v2\/types\/page"}],"author":[{"embeddable":true,"href":"http:\/\/www.medicinafamiliar.cl\/mf\/wordpress\/wp-json\/wp\/v2\/users\/1"}],"replies":[{"embeddable":true,"href":"http:\/\/www.medicinafamiliar.cl\/mf\/wordpress\/wp-json\/wp\/v2\/comments?post=115"}],"version-history":[{"count":3,"href":"http:\/\/www.medicinafamiliar.cl\/mf\/wordpress\/wp-json\/wp\/v2\/pages\/115\/revisions"}],"predecessor-version":[{"id":499,"href":"http:\/\/www.medicinafamiliar.cl\/mf\/wordpress\/wp-json\/wp\/v2\/pages\/115\/revisions\/499"}],"wp:attachment":[{"href":"http:\/\/www.medicinafamiliar.cl\/mf\/wordpress\/wp-json\/wp\/v2\/media?parent=115"}],"curies":[{"name":"wp","href":"https:\/\/api.w.org\/{rel}","templated":true}]}}